{"id":831,"date":"2023-04-26T16:04:38","date_gmt":"2023-04-26T20:04:38","guid":{"rendered":"https:\/\/voile.qc.ca\/?page_id=831"},"modified":"2026-04-24T17:18:47","modified_gmt":"2026-04-24T21:18:47","slug":"circuit-du-quebec","status":"publish","type":"page","link":"https:\/\/voile.qc.ca\/fr\/circuit-du-quebec\/","title":{"rendered":"Circuit du Qu\u00e9bec"},"content":{"rendered":"\t\t<div data-elementor-type=\"wp-page\" data-elementor-id=\"831\" class=\"elementor elementor-831\">\n\t\t\t\t\t\t<section class=\"elementor-section elementor-top-section elementor-element elementor-element-30e0017 elementor-section-boxed elementor-section-height-default elementor-section-height-default exad-glass-effect-no exad-sticky-section-no\" data-id=\"30e0017\" data-element_type=\"section\" data-e-type=\"section\" data-settings=\"{&quot;background_background&quot;:&quot;classic&quot;}\">\n\t\t\t\t\t\t<div class=\"elementor-container elementor-column-gap-default\">\n\t\t\t\t\t<div class=\"elementor-column elementor-col-100 elementor-top-column elementor-element elementor-element-0653ced exad-glass-effect-no exad-sticky-section-no\" data-id=\"0653ced\" data-element_type=\"column\" data-e-type=\"column\">\n\t\t\t<div class=\"elementor-widget-wrap elementor-element-populated\">\n\t\t\t\t\t\t<div class=\"elementor-element elementor-element-72aac59 exad-sticky-section-no exad-glass-effect-no elementor-widget elementor-widget-heading\" data-id=\"72aac59\" data-element_type=\"widget\" data-e-type=\"widget\" data-widget_type=\"heading.default\">\n\t\t\t\t<div class=\"elementor-widget-container\">\n\t\t\t\t\t<h1 class=\"elementor-heading-title elementor-size-default\">Circuit du Qu\u00e9bec<\/h1>\t\t\t\t<\/div>\n\t\t\t\t<\/div>\n\t\t\t\t\t<\/div>\n\t\t<\/div>\n\t\t\t\t\t<\/div>\n\t\t<\/section>\n\t\t\t\t<section class=\"elementor-section elementor-top-section elementor-element elementor-element-082de6b elementor-section-boxed elementor-section-height-default elementor-section-height-default exad-glass-effect-no exad-sticky-section-no\" data-id=\"082de6b\" data-element_type=\"section\" data-e-type=\"section\">\n\t\t\t\t\t\t<div class=\"elementor-container elementor-column-gap-default\">\n\t\t\t\t\t<div class=\"elementor-column elementor-col-100 elementor-top-column elementor-element elementor-element-acf949f exad-glass-effect-no exad-sticky-section-no\" data-id=\"acf949f\" data-element_type=\"column\" data-e-type=\"column\">\n\t\t\t<div class=\"elementor-widget-wrap elementor-element-populated\">\n\t\t\t\t\t\t<div class=\"elementor-element elementor-element-b856002 exad-sticky-section-no exad-glass-effect-no elementor-widget elementor-widget-html\" data-id=\"b856002\" data-element_type=\"widget\" data-e-type=\"widget\" data-widget_type=\"html.default\">\n\t\t\t\t<div class=\"elementor-widget-container\">\n\t\t\t\t\t\n\t\t\t\t<\/div>\n\t\t\t\t<\/div>\n\t\t\t\t<div class=\"elementor-element elementor-element-0213eb5 exad-sticky-section-no exad-glass-effect-no elementor-widget elementor-widget-spacer\" data-id=\"0213eb5\" data-element_type=\"widget\" data-e-type=\"widget\" data-widget_type=\"spacer.default\">\n\t\t\t\t<div class=\"elementor-widget-container\">\n\t\t\t\t\t\t\t<div class=\"elementor-spacer\">\n\t\t\t<div class=\"elementor-spacer-inner\"><\/div>\n\t\t<\/div>\n\t\t\t\t\t\t<\/div>\n\t\t\t\t<\/div>\n\t\t\t\t<div class=\"elementor-element elementor-element-92f7046 exad-sticky-section-no exad-glass-effect-no elementor-widget elementor-widget-heading\" data-id=\"92f7046\" data-element_type=\"widget\" data-e-type=\"widget\" data-widget_type=\"heading.default\">\n\t\t\t\t<div class=\"elementor-widget-container\">\n\t\t\t\t\t<h2 class=\"elementor-heading-title elementor-size-default\">Les r\u00e9gates du Circuit du Qu\u00e9bec<\/h2>\t\t\t\t<\/div>\n\t\t\t\t<\/div>\n\t\t\t\t<div class=\"elementor-element elementor-element-bb643fd exad-sticky-section-no exad-glass-effect-no elementor-widget elementor-widget-text-editor\" data-id=\"bb643fd\" data-element_type=\"widget\" data-e-type=\"widget\" data-widget_type=\"text-editor.default\">\n\t\t\t\t<div class=\"elementor-widget-container\">\n\t\t\t\t\t\t\t\t\t<p>D&rsquo;autres r\u00e9gates pourront \u00eatre ajout\u00e9es.<\/p>\t\t\t\t\t\t\t\t<\/div>\n\t\t\t\t<\/div>\n\t\t\t\t<div class=\"elementor-element elementor-element-f13ca4a exad-sticky-section-no exad-glass-effect-no elementor-widget elementor-widget-toggle\" data-id=\"f13ca4a\" data-element_type=\"widget\" data-e-type=\"widget\" data-widget_type=\"toggle.default\">\n\t\t\t\t<div class=\"elementor-widget-container\">\n\t\t\t\t\t\t\t<div class=\"elementor-toggle\">\n\t\t\t\t\t\t\t<div class=\"elementor-toggle-item\">\n\t\t\t\t\t<div id=\"elementor-tab-title-2521\" class=\"elementor-tab-title\" data-tab=\"1\" role=\"button\" aria-controls=\"elementor-tab-content-2521\" aria-expanded=\"false\">\n\t\t\t\t\t\t\t\t\t\t\t\t<span class=\"elementor-toggle-icon elementor-toggle-icon-left\" aria-hidden=\"true\">\n\t\t\t\t\t\t\t\t\t\t\t\t\t\t\t<span class=\"elementor-toggle-icon-closed\"><i class=\"fas fa-caret-right\"><\/i><\/span>\n\t\t\t\t\t\t\t\t<span class=\"elementor-toggle-icon-opened\"><i class=\"elementor-toggle-icon-opened fas fa-caret-up\"><\/i><\/span>\n\t\t\t\t\t\t\t\t\t\t\t\t\t<\/span>\n\t\t\t\t\t\t\t\t\t\t\t\t<a class=\"elementor-toggle-title\" tabindex=\"0\">Festivoile <\/a>\n\t\t\t\t\t<\/div>\n\n\t\t\t\t\t<div id=\"elementor-tab-content-2521\" class=\"elementor-tab-content elementor-clearfix\" data-tab=\"1\" role=\"region\" aria-labelledby=\"elementor-tab-title-2521\"><p><a href=\"https:\/\/www.cvgr.qc.ca\/\" target=\"_blank\" rel=\"noopener\"><img decoding=\"async\" class=\"alignleft\" src=\"https:\/\/uploads-ssl.webflow.com\/60650cb81159a89c38d9c60c\/60a720f867133446767b868e_CVGR%20-%20Logo%20vertical.svg\" width=\"158\" height=\"204\" \/><\/a><\/p><p><strong>13 et 14 juin 2026<\/strong><\/p><p><b>Centre de voile Grande-Rivi\u00e8re <\/b><\/p><p><b>1 Rue Principale, Gatineau, QC J9H 7J3<\/b><\/p><p>Inscription | Avis de Course\u00a0| Instructions de course | <span style=\"font-size: 16px;\">R\u00e9sultats<\/span><\/p><div>\u00a0<\/div><\/div>\n\t\t\t\t<\/div>\n\t\t\t\t\t\t\t<div class=\"elementor-toggle-item\">\n\t\t\t\t\t<div id=\"elementor-tab-title-2522\" class=\"elementor-tab-title\" data-tab=\"2\" role=\"button\" aria-controls=\"elementor-tab-content-2522\" aria-expanded=\"false\">\n\t\t\t\t\t\t\t\t\t\t\t\t<span class=\"elementor-toggle-icon elementor-toggle-icon-left\" aria-hidden=\"true\">\n\t\t\t\t\t\t\t\t\t\t\t\t\t\t\t<span class=\"elementor-toggle-icon-closed\"><i class=\"fas fa-caret-right\"><\/i><\/span>\n\t\t\t\t\t\t\t\t<span class=\"elementor-toggle-icon-opened\"><i class=\"elementor-toggle-icon-opened fas fa-caret-up\"><\/i><\/span>\n\t\t\t\t\t\t\t\t\t\t\t\t\t<\/span>\n\t\t\t\t\t\t\t\t\t\t\t\t<a class=\"elementor-toggle-title\" tabindex=\"0\">Try<\/a>\n\t\t\t\t\t<\/div>\n\n\t\t\t\t\t<div id=\"elementor-tab-content-2522\" class=\"elementor-tab-content elementor-clearfix\" data-tab=\"2\" role=\"region\" aria-labelledby=\"elementor-tab-title-2522\"><p><img decoding=\"async\" class=\"wp-image-1404 alignleft\" src=\"https:\/\/voile.qc.ca\/wp-content\/uploads\/2023\/05\/pcyc-300x300.png\" alt=\"\" width=\"188\" height=\"188\" srcset=\"https:\/\/voile.qc.ca\/wp-content\/uploads\/2023\/05\/pcyc-300x300.png 300w, https:\/\/voile.qc.ca\/wp-content\/uploads\/2023\/05\/pcyc-100x100.png 100w, https:\/\/voile.qc.ca\/wp-content\/uploads\/2023\/05\/pcyc-150x150.png 150w, https:\/\/voile.qc.ca\/wp-content\/uploads\/2023\/05\/pcyc.png 512w\" sizes=\"(max-width: 188px) 100vw, 188px\" \/><\/p><p><strong>10 au 12 juillet 2026<\/strong><\/p><p><strong>Yacht club de Pointe-Claire<\/strong><\/p><p><strong>1 Cartier Ave <\/strong><strong>Pointe-Claire, QC, H9S 4R3<\/strong><\/p><p><a href=\"https:\/\/www.pcyc.qc.ca\/fr\/evenement\/regate-try\/\">Inscription<\/a> | Avis de Course :<span style=\"font-style: inherit; font-weight: inherit; background-color: var(--ast-global-color-4); color: var(--ast-global-color-3);\"><a href=\"https:\/\/voile.qc.ca\/wp-content\/uploads\/2026\/04\/NOR-TRY-2026-FR_R1.pdf\"> Fran\u00e7ais<\/a> <a href=\"https:\/\/voile.qc.ca\/wp-content\/uploads\/2026\/04\/NOR-TRY-2026-EN_R1.pdf\">Anglais<\/a>| Instruction de Course :\u00a0Fran\u00e7ais Anglais| R\u00e9sultats<\/span><\/p><\/div>\n\t\t\t\t<\/div>\n\t\t\t\t\t\t\t<div class=\"elementor-toggle-item\">\n\t\t\t\t\t<div id=\"elementor-tab-title-2523\" class=\"elementor-tab-title\" data-tab=\"3\" role=\"button\" aria-controls=\"elementor-tab-content-2523\" aria-expanded=\"false\">\n\t\t\t\t\t\t\t\t\t\t\t\t<span class=\"elementor-toggle-icon elementor-toggle-icon-left\" aria-hidden=\"true\">\n\t\t\t\t\t\t\t\t\t\t\t\t\t\t\t<span class=\"elementor-toggle-icon-closed\"><i class=\"fas fa-caret-right\"><\/i><\/span>\n\t\t\t\t\t\t\t\t<span class=\"elementor-toggle-icon-opened\"><i class=\"elementor-toggle-icon-opened fas fa-caret-up\"><\/i><\/span>\n\t\t\t\t\t\t\t\t\t\t\t\t\t<\/span>\n\t\t\t\t\t\t\t\t\t\t\t\t<a class=\"elementor-toggle-title\" tabindex=\"0\">R\u00e9gate \u00c9covoile<\/a>\n\t\t\t\t\t<\/div>\n\n\t\t\t\t\t<div id=\"elementor-tab-content-2523\" class=\"elementor-tab-content elementor-clearfix\" data-tab=\"3\" role=\"region\" aria-labelledby=\"elementor-tab-title-2523\"><p><img decoding=\"async\" class=\" wp-image-1414 alignleft\" src=\"https:\/\/voile.qc.ca\/wp-content\/uploads\/2023\/05\/eco_logo.png\" alt=\"\" width=\"248\" height=\"143\" \/><\/p><p><strong>8 et 9 ao\u00fbt 2026<\/strong><\/p><p><strong>\u00c9covoile Baie-des-Chaleurs<\/strong><\/p><p><strong>499 Bd Perron, Carleton, QC, G0C 1J0<\/strong><\/p><p><a href=\"https:\/\/www.ecovoile.com\/%C3%A9dition-2026\">Inscription<\/a> | <a href=\"https:\/\/voile.qc.ca\/wp-content\/uploads\/2026\/04\/CQ-Avis-de-course-Ecovoile-2026-maj-20-04-2026.pdf\">Avis de Course<\/a> | Instruction de Course catamaran | Instruction de Course d\u00e9riveur | R\u00e9sultats\u00a0<\/p><\/div>\n\t\t\t\t<\/div>\n\t\t\t\t\t\t\t<div class=\"elementor-toggle-item\">\n\t\t\t\t\t<div id=\"elementor-tab-title-2524\" class=\"elementor-tab-title\" data-tab=\"4\" role=\"button\" aria-controls=\"elementor-tab-content-2524\" aria-expanded=\"false\">\n\t\t\t\t\t\t\t\t\t\t\t\t<span class=\"elementor-toggle-icon elementor-toggle-icon-left\" aria-hidden=\"true\">\n\t\t\t\t\t\t\t\t\t\t\t\t\t\t\t<span class=\"elementor-toggle-icon-closed\"><i class=\"fas fa-caret-right\"><\/i><\/span>\n\t\t\t\t\t\t\t\t<span class=\"elementor-toggle-icon-opened\"><i class=\"elementor-toggle-icon-opened fas fa-caret-up\"><\/i><\/span>\n\t\t\t\t\t\t\t\t\t\t\t\t\t<\/span>\n\t\t\t\t\t\t\t\t\t\t\t\t<a class=\"elementor-toggle-title\" tabindex=\"0\">R\u00e9gate Agathoise<\/a>\n\t\t\t\t\t<\/div>\n\n\t\t\t\t\t<div id=\"elementor-tab-content-2524\" class=\"elementor-tab-content elementor-clearfix\" data-tab=\"4\" role=\"region\" aria-labelledby=\"elementor-tab-title-2524\"><p><img loading=\"lazy\" decoding=\"async\" class=\"wp-image-20431 alignleft\" src=\"https:\/\/voile.qc.ca\/wp-content\/uploads\/2026\/04\/Logo-ecole-de-voile-Saint-Agathe-des-monts-298x300.png\" alt=\"\" width=\"155\" height=\"156\" srcset=\"https:\/\/voile.qc.ca\/wp-content\/uploads\/2026\/04\/Logo-ecole-de-voile-Saint-Agathe-des-monts-298x300.png 298w, https:\/\/voile.qc.ca\/wp-content\/uploads\/2026\/04\/Logo-ecole-de-voile-Saint-Agathe-des-monts-1016x1024.png 1016w, https:\/\/voile.qc.ca\/wp-content\/uploads\/2026\/04\/Logo-ecole-de-voile-Saint-Agathe-des-monts-150x150.png 150w, https:\/\/voile.qc.ca\/wp-content\/uploads\/2026\/04\/Logo-ecole-de-voile-Saint-Agathe-des-monts-768x774.png 768w, https:\/\/voile.qc.ca\/wp-content\/uploads\/2026\/04\/Logo-ecole-de-voile-Saint-Agathe-des-monts-1524x1536.png 1524w, https:\/\/voile.qc.ca\/wp-content\/uploads\/2026\/04\/Logo-ecole-de-voile-Saint-Agathe-des-monts-12x12.png 12w, https:\/\/voile.qc.ca\/wp-content\/uploads\/2026\/04\/Logo-ecole-de-voile-Saint-Agathe-des-monts-600x605.png 600w, https:\/\/voile.qc.ca\/wp-content\/uploads\/2026\/04\/Logo-ecole-de-voile-Saint-Agathe-des-monts-100x100.png 100w, https:\/\/voile.qc.ca\/wp-content\/uploads\/2026\/04\/Logo-ecole-de-voile-Saint-Agathe-des-monts.png 1824w\" sizes=\"(max-width: 155px) 100vw, 155px\" \/><strong>19 et 20 septembre 2026<\/strong><\/p><p><b>\u00c9cole de Voile Sainte-Agathe-des-Monts<\/b><\/p><p><strong>243 Rue St Venant, Sainte-Agathe-des-Monts, QC, J8C 2Z7<\/strong><\/p><p>Inscription | Avis de Course\u00a0| R\u00e9sultat voile<\/p><\/div>\n\t\t\t\t<\/div>\n\t\t\t\t\t\t\t<div class=\"elementor-toggle-item\">\n\t\t\t\t\t<div id=\"elementor-tab-title-2525\" class=\"elementor-tab-title\" data-tab=\"5\" role=\"button\" aria-controls=\"elementor-tab-content-2525\" aria-expanded=\"false\">\n\t\t\t\t\t\t\t\t\t\t\t\t<span class=\"elementor-toggle-icon elementor-toggle-icon-left\" aria-hidden=\"true\">\n\t\t\t\t\t\t\t\t\t\t\t\t\t\t\t<span class=\"elementor-toggle-icon-closed\"><i class=\"fas fa-caret-right\"><\/i><\/span>\n\t\t\t\t\t\t\t\t<span class=\"elementor-toggle-icon-opened\"><i class=\"elementor-toggle-icon-opened fas fa-caret-up\"><\/i><\/span>\n\t\t\t\t\t\t\t\t\t\t\t\t\t<\/span>\n\t\t\t\t\t\t\t\t\t\t\t\t<a class=\"elementor-toggle-title\" tabindex=\"0\">Classement 2025<\/a>\n\t\t\t\t\t<\/div>\n\n\t\t\t\t\t<div id=\"elementor-tab-content-2525\" class=\"elementor-tab-content elementor-clearfix\" data-tab=\"5\" role=\"region\" aria-labelledby=\"elementor-tab-title-2525\"><p><a href=\"https:\/\/voile.qc.ca\/wp-content\/uploads\/2025\/09\/Ranking-Circuit-du-Quebec-2025_Toutes-classes.pdf\">Ranking Circuit du Qu\u00e9bec 2025<\/a><\/p><\/div>\n\t\t\t\t<\/div>\n\t\t\t\t\t\t\t\t<\/div>\n\t\t\t\t\t\t<\/div>\n\t\t\t\t<\/div>\n\t\t\t\t\t<\/div>\n\t\t<\/div>\n\t\t\t\t\t<\/div>\n\t\t<\/section>\n\t\t\t\t<section class=\"elementor-section elementor-top-section elementor-element elementor-element-28377f4 elementor-section-boxed elementor-section-height-default elementor-section-height-default exad-glass-effect-no exad-sticky-section-no\" data-id=\"28377f4\" data-element_type=\"section\" data-e-type=\"section\">\n\t\t\t\t\t\t<div class=\"elementor-container elementor-column-gap-default\">\n\t\t\t\t\t<div class=\"elementor-column elementor-col-50 elementor-top-column elementor-element elementor-element-c37c992 exad-glass-effect-no exad-sticky-section-no\" data-id=\"c37c992\" data-element_type=\"column\" data-e-type=\"column\">\n\t\t\t<div class=\"elementor-widget-wrap elementor-element-populated\">\n\t\t\t\t\t\t<div class=\"elementor-element elementor-element-2776816 exad-sticky-section-no exad-glass-effect-no elementor-widget elementor-widget-image\" data-id=\"2776816\" data-element_type=\"widget\" data-e-type=\"widget\" data-widget_type=\"image.default\">\n\t\t\t\t<div class=\"elementor-widget-container\">\n\t\t\t\t\t\t\t\t\t\t\t\t\t\t\t<img loading=\"lazy\" decoding=\"async\" width=\"894\" height=\"1024\" src=\"https:\/\/voile.qc.ca\/wp-content\/uploads\/2023\/05\/kofi_ilca-copie-894x1024.jpg\" class=\"attachment-large size-large wp-image-1533\" alt=\"Circuit du Qu\u00e9bec\" srcset=\"https:\/\/voile.qc.ca\/wp-content\/uploads\/2023\/05\/kofi_ilca-copie-894x1024.jpg 894w, https:\/\/voile.qc.ca\/wp-content\/uploads\/2023\/05\/kofi_ilca-copie-600x687.jpg 600w, https:\/\/voile.qc.ca\/wp-content\/uploads\/2023\/05\/kofi_ilca-copie-262x300.jpg 262w, https:\/\/voile.qc.ca\/wp-content\/uploads\/2023\/05\/kofi_ilca-copie-768x879.jpg 768w, https:\/\/voile.qc.ca\/wp-content\/uploads\/2023\/05\/kofi_ilca-copie-1342x1536.jpg 1342w, https:\/\/voile.qc.ca\/wp-content\/uploads\/2023\/05\/kofi_ilca-copie.jpg 1414w\" sizes=\"(max-width: 894px) 100vw, 894px\" \/>\t\t\t\t\t\t\t\t\t\t\t\t\t\t\t<\/div>\n\t\t\t\t<\/div>\n\t\t\t\t\t<\/div>\n\t\t<\/div>\n\t\t\t\t<div class=\"elementor-column elementor-col-50 elementor-top-column elementor-element elementor-element-9c3ed7b exad-glass-effect-no exad-sticky-section-no\" data-id=\"9c3ed7b\" data-element_type=\"column\" data-e-type=\"column\">\n\t\t\t<div class=\"elementor-widget-wrap elementor-element-populated\">\n\t\t\t\t\t\t<div class=\"elementor-element elementor-element-de59479 exad-sticky-section-no exad-glass-effect-no elementor-widget elementor-widget-heading\" data-id=\"de59479\" data-element_type=\"widget\" data-e-type=\"widget\" data-widget_type=\"heading.default\">\n\t\t\t\t<div class=\"elementor-widget-container\">\n\t\t\t\t\t<h2 class=\"elementor-heading-title elementor-size-default\">Objectifs du circuit du Qu\u00e9bec<\/h2>\t\t\t\t<\/div>\n\t\t\t\t<\/div>\n\t\t\t\t<div class=\"elementor-element elementor-element-171ff3a exad-sticky-section-no exad-glass-effect-no elementor-widget elementor-widget-text-editor\" data-id=\"171ff3a\" data-element_type=\"widget\" data-e-type=\"widget\" data-widget_type=\"text-editor.default\">\n\t\t\t\t<div class=\"elementor-widget-container\">\n\t\t\t\t\t\t\t\t\t<ul><li>\u00a0Assurer une bonne qualit\u00e9 de gestion des r\u00e9gates du circuit et la s\u00e9curit\u00e9 des participants.<\/li><li>\u00a0Assurer la participation d\u2019un maximum de jeunes.<\/li><li>\u00a0Encourager la pratique de la comp\u00e9tition de voile au Qu\u00e9bec.<\/li><li>\u00a0D\u00e9velopper des r\u00e9gates au Qu\u00e9bec.<\/li><li>\u00a0Uniformiser les r\u00e9gates au Qu\u00e9bec.<\/li><li>\u00a0\u00c9tendre la saison de juin \u00e0 octobre.<\/li><\/ul><p>\u00a0<\/p>\t\t\t\t\t\t\t\t<\/div>\n\t\t\t\t<\/div>\n\t\t\t\t<div class=\"elementor-element elementor-element-2fc6a2d exad-sticky-section-no exad-glass-effect-no elementor-widget elementor-widget-heading\" data-id=\"2fc6a2d\" data-element_type=\"widget\" data-e-type=\"widget\" data-widget_type=\"heading.default\">\n\t\t\t\t<div class=\"elementor-widget-container\">\n\t\t\t\t\t<h2 class=\"elementor-heading-title elementor-size-default\">Y-a-t'il d'autre r\u00e9gate au Qu\u00e9bec?<\/h2>\t\t\t\t<\/div>\n\t\t\t\t<\/div>\n\t\t\t\t<div class=\"elementor-element elementor-element-7d7884d exad-sticky-section-no exad-glass-effect-no elementor-widget elementor-widget-text-editor\" data-id=\"7d7884d\" data-element_type=\"widget\" data-e-type=\"widget\" data-widget_type=\"text-editor.default\">\n\t\t\t\t<div class=\"elementor-widget-container\">\n\t\t\t\t\t\t\t\t\t<p>Il n&rsquo;y a pas juste le circuit du Qu\u00e9bec qui organise des r\u00e9gate!<\/p><p>Vous retrouverez si joint la liste de tous les \u00e9v\u00e8nements\u00a0<\/p><p><em>Liste des r\u00e9gates et \u00e9v\u00e9nements 2026 (\u00c0 venir)<\/em><\/p>\t\t\t\t\t\t\t\t<\/div>\n\t\t\t\t<\/div>\n\t\t\t\t\t<\/div>\n\t\t<\/div>\n\t\t\t\t\t<\/div>\n\t\t<\/section>\n\t\t\t\t<section class=\"elementor-section elementor-top-section elementor-element elementor-element-5aa31f5 elementor-section-boxed elementor-section-height-default elementor-section-height-default exad-glass-effect-no exad-sticky-section-no\" data-id=\"5aa31f5\" data-element_type=\"section\" data-e-type=\"section\">\n\t\t\t\t\t\t<div class=\"elementor-container elementor-column-gap-default\">\n\t\t\t\t\t<div class=\"elementor-column elementor-col-100 elementor-top-column elementor-element elementor-element-ad97247 exad-glass-effect-no exad-sticky-section-no\" data-id=\"ad97247\" data-element_type=\"column\" data-e-type=\"column\">\n\t\t\t<div class=\"elementor-widget-wrap elementor-element-populated\">\n\t\t\t\t\t\t<div class=\"elementor-element elementor-element-cd6e97a elementor-hidden-desktop elementor-hidden-tablet elementor-hidden-mobile exad-sticky-section-no exad-glass-effect-no elementor-widget elementor-widget-button\" data-id=\"cd6e97a\" data-element_type=\"widget\" data-e-type=\"widget\" data-widget_type=\"button.default\">\n\t\t\t\t<div class=\"elementor-widget-container\">\n\t\t\t\t\t\t\t\t\t<div class=\"elementor-button-wrapper\">\n\t\t\t\t\t<a class=\"elementor-button elementor-button-link elementor-size-sm\" href=\"https:\/\/voile.qc.ca\/wp-content\/uploads\/2025\/03\/Formulaire-Circuit-du-Qc-2025.pdf\">\n\t\t\t\t\t\t<span class=\"elementor-button-content-wrapper\">\n\t\t\t\t\t\t\t\t\t<span class=\"elementor-button-text\">Formulaire d'information et de mise en candidature<\/span>\n\t\t\t\t\t<\/span>\n\t\t\t\t\t<\/a>\n\t\t\t\t<\/div>\n\t\t\t\t\t\t\t\t<\/div>\n\t\t\t\t<\/div>\n\t\t\t\t\t<\/div>\n\t\t<\/div>\n\t\t\t\t\t<\/div>\n\t\t<\/section>\n\t\t\t\t<section class=\"elementor-section elementor-top-section elementor-element elementor-element-cd86040 elementor-section-boxed elementor-section-height-default elementor-section-height-default exad-glass-effect-no exad-sticky-section-no\" data-id=\"cd86040\" data-element_type=\"section\" data-e-type=\"section\">\n\t\t\t\t\t\t<div class=\"elementor-container elementor-column-gap-default\">\n\t\t\t\t\t<div class=\"elementor-column elementor-col-100 elementor-top-column elementor-element elementor-element-052cc32 exad-glass-effect-no exad-sticky-section-no\" data-id=\"052cc32\" data-element_type=\"column\" data-e-type=\"column\">\n\t\t\t<div class=\"elementor-widget-wrap\">\n\t\t\t\t\t\t\t<\/div>\n\t\t<\/div>\n\t\t\t\t\t<\/div>\n\t\t<\/section>\n\t\t\t\t<section class=\"elementor-section elementor-top-section elementor-element elementor-element-3610598 elementor-section-boxed elementor-section-height-default elementor-section-height-default exad-glass-effect-no exad-sticky-section-no\" data-id=\"3610598\" data-element_type=\"section\" data-e-type=\"section\">\n\t\t\t\t\t\t<div class=\"elementor-container elementor-column-gap-default\">\n\t\t\t\t\t<div class=\"elementor-column elementor-col-100 elementor-top-column elementor-element elementor-element-a978221 exad-glass-effect-no exad-sticky-section-no\" data-id=\"a978221\" data-element_type=\"column\" data-e-type=\"column\">\n\t\t\t<div class=\"elementor-widget-wrap elementor-element-populated\">\n\t\t\t\t\t\t<div class=\"elementor-element elementor-element-7fa0c8b exad-sticky-section-no exad-glass-effect-no elementor-widget elementor-widget-heading\" data-id=\"7fa0c8b\" data-element_type=\"widget\" data-e-type=\"widget\" data-widget_type=\"heading.default\">\n\t\t\t\t<div class=\"elementor-widget-container\">\n\t\t\t\t\t<h3 class=\"elementor-heading-title elementor-size-default\">Classement du Circuit du Qu\u00e9bec<\/h3>\t\t\t\t<\/div>\n\t\t\t\t<\/div>\n\t\t\t\t<div class=\"elementor-element elementor-element-79569d5 exad-sticky-section-no exad-glass-effect-no elementor-widget elementor-widget-toggle\" data-id=\"79569d5\" data-element_type=\"widget\" data-e-type=\"widget\" data-widget_type=\"toggle.default\">\n\t\t\t\t<div class=\"elementor-widget-container\">\n\t\t\t\t\t\t\t<div class=\"elementor-toggle\">\n\t\t\t\t\t\t\t<div class=\"elementor-toggle-item\">\n\t\t\t\t\t<div id=\"elementor-tab-title-1271\" class=\"elementor-tab-title\" data-tab=\"1\" role=\"button\" aria-controls=\"elementor-tab-content-1271\" aria-expanded=\"false\">\n\t\t\t\t\t\t\t\t\t\t\t\t<span class=\"elementor-toggle-icon elementor-toggle-icon-left\" aria-hidden=\"true\">\n\t\t\t\t\t\t\t\t\t\t\t\t\t\t\t<span class=\"elementor-toggle-icon-closed\"><i class=\"fas fa-caret-right\"><\/i><\/span>\n\t\t\t\t\t\t\t\t<span class=\"elementor-toggle-icon-opened\"><i class=\"elementor-toggle-icon-opened fas fa-caret-up\"><\/i><\/span>\n\t\t\t\t\t\t\t\t\t\t\t\t\t<\/span>\n\t\t\t\t\t\t\t\t\t\t\t\t<a class=\"elementor-toggle-title\" tabindex=\"0\">2025<\/a>\n\t\t\t\t\t<\/div>\n\n\t\t\t\t\t<div id=\"elementor-tab-content-1271\" class=\"elementor-tab-content elementor-clearfix\" data-tab=\"1\" role=\"region\" aria-labelledby=\"elementor-tab-title-1271\"><p><a href=\"https:\/\/voile.qc.ca\/wp-content\/uploads\/2025\/09\/Ranking-Circuit-du-Quebec-2025_Toutes-classes.pdf\">R\u00e9sultats 2025<\/a><\/p><\/div>\n\t\t\t\t<\/div>\n\t\t\t\t\t\t\t<div class=\"elementor-toggle-item\">\n\t\t\t\t\t<div id=\"elementor-tab-title-1272\" class=\"elementor-tab-title\" data-tab=\"2\" role=\"button\" aria-controls=\"elementor-tab-content-1272\" aria-expanded=\"false\">\n\t\t\t\t\t\t\t\t\t\t\t\t<span class=\"elementor-toggle-icon elementor-toggle-icon-left\" aria-hidden=\"true\">\n\t\t\t\t\t\t\t\t\t\t\t\t\t\t\t<span class=\"elementor-toggle-icon-closed\"><i class=\"fas fa-caret-right\"><\/i><\/span>\n\t\t\t\t\t\t\t\t<span class=\"elementor-toggle-icon-opened\"><i class=\"elementor-toggle-icon-opened fas fa-caret-up\"><\/i><\/span>\n\t\t\t\t\t\t\t\t\t\t\t\t\t<\/span>\n\t\t\t\t\t\t\t\t\t\t\t\t<a class=\"elementor-toggle-title\" tabindex=\"0\">2026<\/a>\n\t\t\t\t\t<\/div>\n\n\t\t\t\t\t<div id=\"elementor-tab-content-1272\" class=\"elementor-tab-content elementor-clearfix\" data-tab=\"2\" role=\"region\" aria-labelledby=\"elementor-tab-title-1272\"><p>\u00c0 venir<\/p><\/div>\n\t\t\t\t<\/div>\n\t\t\t\t\t\t\t\t<\/div>\n\t\t\t\t\t\t<\/div>\n\t\t\t\t<\/div>\n\t\t\t\t\t<\/div>\n\t\t<\/div>\n\t\t\t\t\t<\/div>\n\t\t<\/section>\n\t\t\t\t<\/div>\n\t\t","protected":false},"excerpt":{"rendered":"<p>Circuit du Qu\u00e9bec Les r\u00e9gates du Circuit du Qu\u00e9bec D&rsquo;autres r\u00e9gates pourront \u00eatre ajout\u00e9es. Festivoile 13 et 14 juin 2026 Centre de voile Grande-Rivi\u00e8re 1 Rue Principale, Gatineau, QC J9H 7J3 Inscription | Avis de Course\u00a0| Instructions de course | R\u00e9sultats \u00a0 Try 10 au 12 juillet 2026 Yacht club de Pointe-Claire 1 Cartier Ave [&hellip;]<\/p>\n","protected":false},"author":7,"featured_media":0,"parent":0,"menu_order":0,"comment_status":"closed","ping_status":"closed","template":"","meta":{"_acf_changed":false,"site-sidebar-layout":"no-sidebar","site-content-layout":"page-builder","ast-site-content-layout":"full-width-container","site-content-style":"unboxed","site-sidebar-style":"unboxed","ast-global-header-display":"","ast-banner-title-visibility":"","ast-main-header-display":"","ast-hfb-above-header-display":"","ast-hfb-below-header-display":"","ast-hfb-mobile-header-display":"","site-post-title":"disabled","ast-breadcrumbs-content":"","ast-featured-img":"disabled","footer-sml-layout":"","ast-disable-related-posts":"","theme-transparent-header-meta":"","adv-header-id-meta":"","stick-header-meta":"","header-above-stick-meta":"","header-main-stick-meta":"","header-below-stick-meta":"","astra-migrate-meta-layouts":"set","ast-page-background-enabled":"default","ast-page-background-meta":{"desktop":{"background-color":"","background-image":"","background-repeat":"repeat","background-position":"center center","background-size":"auto","background-attachment":"scroll","background-type":"","background-media":"","overlay-type":"","overlay-color":"","overlay-opacity":"","overlay-gradient":""},"tablet":{"background-color":"","background-image":"","background-repeat":"repeat","background-position":"center center","background-size":"auto","background-attachment":"scroll","background-type":"","background-media":"","overlay-type":"","overlay-color":"","overlay-opacity":"","overlay-gradient":""},"mobile":{"background-color":"","background-image":"","background-repeat":"repeat","background-position":"center center","background-size":"auto","background-attachment":"scroll","background-type":"","background-media":"","overlay-type":"","overlay-color":"","overlay-opacity":"","overlay-gradient":""}},"ast-content-background-meta":{"desktop":{"background-color":"var(--ast-global-color-5)","background-image":"","background-repeat":"repeat","background-position":"center center","background-size":"auto","background-attachment":"scroll","background-type":"","background-media":"","overlay-type":"","overlay-color":"","overlay-opacity":"","overlay-gradient":""},"tablet":{"background-color":"var(--ast-global-color-5)","background-image":"","background-repeat":"repeat","background-position":"center center","background-size":"auto","background-attachment":"scroll","background-type":"","background-media":"","overlay-type":"","overlay-color":"","overlay-opacity":"","overlay-gradient":""},"mobile":{"background-color":"var(--ast-global-color-5)","background-image":"","background-repeat":"repeat","background-position":"center center","background-size":"auto","background-attachment":"scroll","background-type":"","background-media":"","overlay-type":"","overlay-color":"","overlay-opacity":"","overlay-gradient":""}},"footnotes":""},"class_list":["post-831","page","type-page","status-publish","hentry"],"acf":[],"yoast_head":"<!-- This site is optimized with the Yoast SEO plugin v27.0 - https:\/\/yoast.com\/product\/yoast-seo-wordpress\/ -->\n<title>Circuit du Qu\u00e9bec - Voile Qu\u00e9bec<\/title>\n<meta name=\"description\" content=\"Le circuit du Qu\u00e9bec regroupe diff\u00e9rentes comp\u00e9tition au travers le province. L&#039;objectif: encourager la pratique de la R\u00e9gate au Qu\u00e9bec\" \/>\n<meta name=\"robots\" content=\"index, follow, max-snippet:-1, max-image-preview:large, max-video-preview:-1\" \/>\n<link rel=\"canonical\" href=\"https:\/\/voile.qc.ca\/fr\/circuit-du-quebec\/\" \/>\n<meta property=\"og:locale\" content=\"fr_CA\" \/>\n<meta property=\"og:type\" content=\"article\" \/>\n<meta property=\"og:title\" content=\"Circuit du Qu\u00e9bec - Voile Qu\u00e9bec\" \/>\n<meta property=\"og:description\" content=\"Le circuit du Qu\u00e9bec regroupe diff\u00e9rentes comp\u00e9tition au travers le province. L&#039;objectif: encourager la pratique de la R\u00e9gate au Qu\u00e9bec\" \/>\n<meta property=\"og:url\" content=\"https:\/\/voile.qc.ca\/fr\/circuit-du-quebec\/\" \/>\n<meta property=\"og:site_name\" content=\"Voile Qu\u00e9bec\" \/>\n<meta property=\"article:publisher\" content=\"https:\/\/www.facebook.com\/voilequebec\" \/>\n<meta property=\"article:modified_time\" content=\"2026-04-24T21:18:47+00:00\" \/>\n<meta property=\"og:image\" content=\"https:\/\/uploads-ssl.webflow.com\/60650cb81159a89c38d9c60c\/60a720f867133446767b868e_CVGR%20-%20Logo%20vertical.svg\" \/>\n<meta name=\"twitter:card\" content=\"summary_large_image\" \/>\n<meta name=\"twitter:label1\" content=\"Estimation du temps de lecture\" \/>\n\t<meta name=\"twitter:data1\" content=\"3 minutes\" \/>\n<script type=\"application\/ld+json\" class=\"yoast-schema-graph\">{\"@context\":\"https:\/\/schema.org\",\"@graph\":[{\"@type\":\"WebPage\",\"@id\":\"https:\/\/voile.qc.ca\/circuit-du-quebec\/\",\"url\":\"https:\/\/voile.qc.ca\/circuit-du-quebec\/\",\"name\":\"Circuit du Qu\u00e9bec - Voile Qu\u00e9bec\",\"isPartOf\":{\"@id\":\"https:\/\/voile.qc.ca\/fr\/#website\"},\"primaryImageOfPage\":{\"@id\":\"https:\/\/voile.qc.ca\/circuit-du-quebec\/#primaryimage\"},\"image\":{\"@id\":\"https:\/\/voile.qc.ca\/circuit-du-quebec\/#primaryimage\"},\"thumbnailUrl\":\"https:\/\/uploads-ssl.webflow.com\/60650cb81159a89c38d9c60c\/60a720f867133446767b868e_CVGR%20-%20Logo%20vertical.svg\",\"datePublished\":\"2023-04-26T20:04:38+00:00\",\"dateModified\":\"2026-04-24T21:18:47+00:00\",\"description\":\"Le circuit du Qu\u00e9bec regroupe diff\u00e9rentes comp\u00e9tition au travers le province. L'objectif: encourager la pratique de la R\u00e9gate au Qu\u00e9bec\",\"breadcrumb\":{\"@id\":\"https:\/\/voile.qc.ca\/circuit-du-quebec\/#breadcrumb\"},\"inLanguage\":\"fr-CA\",\"potentialAction\":[{\"@type\":\"ReadAction\",\"target\":[\"https:\/\/voile.qc.ca\/circuit-du-quebec\/\"]}]},{\"@type\":\"ImageObject\",\"inLanguage\":\"fr-CA\",\"@id\":\"https:\/\/voile.qc.ca\/circuit-du-quebec\/#primaryimage\",\"url\":\"https:\/\/uploads-ssl.webflow.com\/60650cb81159a89c38d9c60c\/60a720f867133446767b868e_CVGR%20-%20Logo%20vertical.svg\",\"contentUrl\":\"https:\/\/uploads-ssl.webflow.com\/60650cb81159a89c38d9c60c\/60a720f867133446767b868e_CVGR%20-%20Logo%20vertical.svg\"},{\"@type\":\"BreadcrumbList\",\"@id\":\"https:\/\/voile.qc.ca\/circuit-du-quebec\/#breadcrumb\",\"itemListElement\":[{\"@type\":\"ListItem\",\"position\":1,\"name\":\"Accueil\",\"item\":\"https:\/\/voile.qc.ca\/\"},{\"@type\":\"ListItem\",\"position\":2,\"name\":\"Circuit du Qu\u00e9bec\"}]},{\"@type\":\"WebSite\",\"@id\":\"https:\/\/voile.qc.ca\/fr\/#website\",\"url\":\"https:\/\/voile.qc.ca\/fr\/\",\"name\":\"Voile Qu\u00e9bec\",\"description\":\"La r\u00e9f\u00e9rence de voile au Qu\u00e9bec\",\"publisher\":{\"@id\":\"https:\/\/voile.qc.ca\/fr\/#organization\"},\"potentialAction\":[{\"@type\":\"SearchAction\",\"target\":{\"@type\":\"EntryPoint\",\"urlTemplate\":\"https:\/\/voile.qc.ca\/fr\/?s={search_term_string}\"},\"query-input\":{\"@type\":\"PropertyValueSpecification\",\"valueRequired\":true,\"valueName\":\"search_term_string\"}}],\"inLanguage\":\"fr-CA\"},{\"@type\":\"Organization\",\"@id\":\"https:\/\/voile.qc.ca\/fr\/#organization\",\"name\":\"F\u00e9d\u00e9ration de Voile du Qu\u00e9bec\",\"url\":\"https:\/\/voile.qc.ca\/fr\/\",\"logo\":{\"@type\":\"ImageObject\",\"inLanguage\":\"fr-CA\",\"@id\":\"https:\/\/voile.qc.ca\/fr\/#\/schema\/logo\/image\/\",\"url\":\"https:\/\/voile.qc.ca\/wp-content\/uploads\/2023\/11\/cropped-bateau-bleu-V5.png\",\"contentUrl\":\"https:\/\/voile.qc.ca\/wp-content\/uploads\/2023\/11\/cropped-bateau-bleu-V5.png\",\"width\":500,\"height\":116,\"caption\":\"F\u00e9d\u00e9ration de Voile du Qu\u00e9bec\"},\"image\":{\"@id\":\"https:\/\/voile.qc.ca\/fr\/#\/schema\/logo\/image\/\"},\"sameAs\":[\"https:\/\/www.facebook.com\/voilequebec\",\"https:\/\/www.instagram.com\/voilequebec\"]}]}<\/script>\n<!-- \/ Yoast SEO plugin. -->","yoast_head_json":{"title":"Circuit du Qu\u00e9bec - Voile Qu\u00e9bec","description":"Le circuit du Qu\u00e9bec regroupe diff\u00e9rentes comp\u00e9tition au travers le province. L'objectif: encourager la pratique de la R\u00e9gate au Qu\u00e9bec","robots":{"index":"index","follow":"follow","max-snippet":"max-snippet:-1","max-image-preview":"max-image-preview:large","max-video-preview":"max-video-preview:-1"},"canonical":"https:\/\/voile.qc.ca\/fr\/circuit-du-quebec\/","og_locale":"fr_CA","og_type":"article","og_title":"Circuit du Qu\u00e9bec - Voile Qu\u00e9bec","og_description":"Le circuit du Qu\u00e9bec regroupe diff\u00e9rentes comp\u00e9tition au travers le province. L'objectif: encourager la pratique de la R\u00e9gate au Qu\u00e9bec","og_url":"https:\/\/voile.qc.ca\/fr\/circuit-du-quebec\/","og_site_name":"Voile Qu\u00e9bec","article_publisher":"https:\/\/www.facebook.com\/voilequebec","article_modified_time":"2026-04-24T21:18:47+00:00","og_image":[{"url":"https:\/\/uploads-ssl.webflow.com\/60650cb81159a89c38d9c60c\/60a720f867133446767b868e_CVGR%20-%20Logo%20vertical.svg","type":"","width":"","height":""}],"twitter_card":"summary_large_image","twitter_misc":{"Estimation du temps de lecture":"3 minutes"},"schema":{"@context":"https:\/\/schema.org","@graph":[{"@type":"WebPage","@id":"https:\/\/voile.qc.ca\/circuit-du-quebec\/","url":"https:\/\/voile.qc.ca\/circuit-du-quebec\/","name":"Circuit du Qu\u00e9bec - Voile Qu\u00e9bec","isPartOf":{"@id":"https:\/\/voile.qc.ca\/fr\/#website"},"primaryImageOfPage":{"@id":"https:\/\/voile.qc.ca\/circuit-du-quebec\/#primaryimage"},"image":{"@id":"https:\/\/voile.qc.ca\/circuit-du-quebec\/#primaryimage"},"thumbnailUrl":"https:\/\/uploads-ssl.webflow.com\/60650cb81159a89c38d9c60c\/60a720f867133446767b868e_CVGR%20-%20Logo%20vertical.svg","datePublished":"2023-04-26T20:04:38+00:00","dateModified":"2026-04-24T21:18:47+00:00","description":"Le circuit du Qu\u00e9bec regroupe diff\u00e9rentes comp\u00e9tition au travers le province. L'objectif: encourager la pratique de la R\u00e9gate au Qu\u00e9bec","breadcrumb":{"@id":"https:\/\/voile.qc.ca\/circuit-du-quebec\/#breadcrumb"},"inLanguage":"fr-CA","potentialAction":[{"@type":"ReadAction","target":["https:\/\/voile.qc.ca\/circuit-du-quebec\/"]}]},{"@type":"ImageObject","inLanguage":"fr-CA","@id":"https:\/\/voile.qc.ca\/circuit-du-quebec\/#primaryimage","url":"https:\/\/uploads-ssl.webflow.com\/60650cb81159a89c38d9c60c\/60a720f867133446767b868e_CVGR%20-%20Logo%20vertical.svg","contentUrl":"https:\/\/uploads-ssl.webflow.com\/60650cb81159a89c38d9c60c\/60a720f867133446767b868e_CVGR%20-%20Logo%20vertical.svg"},{"@type":"BreadcrumbList","@id":"https:\/\/voile.qc.ca\/circuit-du-quebec\/#breadcrumb","itemListElement":[{"@type":"ListItem","position":1,"name":"Accueil","item":"https:\/\/voile.qc.ca\/"},{"@type":"ListItem","position":2,"name":"Circuit du Qu\u00e9bec"}]},{"@type":"WebSite","@id":"https:\/\/voile.qc.ca\/fr\/#website","url":"https:\/\/voile.qc.ca\/fr\/","name":"Voile Qu\u00e9bec","description":"La r\u00e9f\u00e9rence de voile au Qu\u00e9bec","publisher":{"@id":"https:\/\/voile.qc.ca\/fr\/#organization"},"potentialAction":[{"@type":"SearchAction","target":{"@type":"EntryPoint","urlTemplate":"https:\/\/voile.qc.ca\/fr\/?s={search_term_string}"},"query-input":{"@type":"PropertyValueSpecification","valueRequired":true,"valueName":"search_term_string"}}],"inLanguage":"fr-CA"},{"@type":"Organization","@id":"https:\/\/voile.qc.ca\/fr\/#organization","name":"F\u00e9d\u00e9ration de Voile du Qu\u00e9bec","url":"https:\/\/voile.qc.ca\/fr\/","logo":{"@type":"ImageObject","inLanguage":"fr-CA","@id":"https:\/\/voile.qc.ca\/fr\/#\/schema\/logo\/image\/","url":"https:\/\/voile.qc.ca\/wp-content\/uploads\/2023\/11\/cropped-bateau-bleu-V5.png","contentUrl":"https:\/\/voile.qc.ca\/wp-content\/uploads\/2023\/11\/cropped-bateau-bleu-V5.png","width":500,"height":116,"caption":"F\u00e9d\u00e9ration de Voile du Qu\u00e9bec"},"image":{"@id":"https:\/\/voile.qc.ca\/fr\/#\/schema\/logo\/image\/"},"sameAs":["https:\/\/www.facebook.com\/voilequebec","https:\/\/www.instagram.com\/voilequebec"]}]}},"jetpack_sharing_enabled":true,"_links":{"self":[{"href":"https:\/\/voile.qc.ca\/fr\/wp-json\/wp\/v2\/pages\/831","targetHints":{"allow":["GET"]}}],"collection":[{"href":"https:\/\/voile.qc.ca\/fr\/wp-json\/wp\/v2\/pages"}],"about":[{"href":"https:\/\/voile.qc.ca\/fr\/wp-json\/wp\/v2\/types\/page"}],"author":[{"embeddable":true,"href":"https:\/\/voile.qc.ca\/fr\/wp-json\/wp\/v2\/users\/7"}],"replies":[{"embeddable":true,"href":"https:\/\/voile.qc.ca\/fr\/wp-json\/wp\/v2\/comments?post=831"}],"version-history":[{"count":342,"href":"https:\/\/voile.qc.ca\/fr\/wp-json\/wp\/v2\/pages\/831\/revisions"}],"predecessor-version":[{"id":20570,"href":"https:\/\/voile.qc.ca\/fr\/wp-json\/wp\/v2\/pages\/831\/revisions\/20570"}],"wp:attachment":[{"href":"https:\/\/voile.qc.ca\/fr\/wp-json\/wp\/v2\/media?parent=831"}],"curies":[{"name":"wp","href":"https:\/\/api.w.org\/{rel}","templated":true}]}}