{"id":6933,"date":"2024-06-09T17:36:17","date_gmt":"2024-06-09T21:36:17","guid":{"rendered":"https:\/\/voile.qc.ca\/?page_id=6933"},"modified":"2024-06-09T17:37:51","modified_gmt":"2024-06-09T21:37:51","slug":"revue-voile-quebec","status":"publish","type":"page","link":"https:\/\/voile.qc.ca\/fr\/revue-voile-quebec\/","title":{"rendered":"Revue Voile Qu\u00e9bec"},"content":{"rendered":"\t\t<div data-elementor-type=\"wp-page\" data-elementor-id=\"6933\" class=\"elementor elementor-6933\">\n\t\t\t\t\t\t<section class=\"elementor-section elementor-top-section elementor-element elementor-element-77eea1f elementor-section-boxed elementor-section-height-default elementor-section-height-default exad-glass-effect-no exad-sticky-section-no\" data-id=\"77eea1f\" data-element_type=\"section\" data-e-type=\"section\" data-settings=\"{&quot;background_background&quot;:&quot;classic&quot;}\">\n\t\t\t\t\t\t<div class=\"elementor-container elementor-column-gap-default\">\n\t\t\t\t\t<div class=\"elementor-column elementor-col-100 elementor-top-column elementor-element elementor-element-d58b573 exad-glass-effect-no exad-sticky-section-no\" data-id=\"d58b573\" data-element_type=\"column\" data-e-type=\"column\">\n\t\t\t<div class=\"elementor-widget-wrap elementor-element-populated\">\n\t\t\t\t\t\t<div class=\"elementor-element elementor-element-a79b620 exad-sticky-section-no exad-glass-effect-no elementor-widget elementor-widget-heading\" data-id=\"a79b620\" data-element_type=\"widget\" data-e-type=\"widget\" data-widget_type=\"heading.default\">\n\t\t\t\t<div class=\"elementor-widget-container\">\n\t\t\t\t\t<h1 class=\"elementor-heading-title elementor-size-default\">Nouvelles<\/h1>\t\t\t\t<\/div>\n\t\t\t\t<\/div>\n\t\t\t\t\t<\/div>\n\t\t<\/div>\n\t\t\t\t\t<\/div>\n\t\t<\/section>\n\t\t\t\t<section class=\"elementor-section elementor-top-section elementor-element elementor-element-d146e97 elementor-section-full_width elementor-section-height-default elementor-section-height-default exad-glass-effect-no exad-sticky-section-no\" data-id=\"d146e97\" data-element_type=\"section\" data-e-type=\"section\">\n\t\t\t\t\t\t<div class=\"elementor-container elementor-column-gap-default\">\n\t\t\t\t\t<div class=\"elementor-column elementor-col-100 elementor-top-column elementor-element elementor-element-3c6d74b exad-glass-effect-no exad-sticky-section-no\" data-id=\"3c6d74b\" data-element_type=\"column\" data-e-type=\"column\">\n\t\t\t<div class=\"elementor-widget-wrap elementor-element-populated\">\n\t\t\t\t\t\t<div class=\"elementor-element elementor-element-c69cfa6 exad-sticky-section-no exad-glass-effect-no elementor-widget elementor-widget-spacer\" data-id=\"c69cfa6\" data-element_type=\"widget\" data-e-type=\"widget\" data-widget_type=\"spacer.default\">\n\t\t\t\t<div class=\"elementor-widget-container\">\n\t\t\t\t\t\t\t<div class=\"elementor-spacer\">\n\t\t\t<div class=\"elementor-spacer-inner\"><\/div>\n\t\t<\/div>\n\t\t\t\t\t\t<\/div>\n\t\t\t\t<\/div>\n\t\t\t\t<div class=\"elementor-element elementor-element-08e0ce7 premium-blog-align-left exad-sticky-section-no exad-glass-effect-no elementor-widget elementor-widget-premium-addon-blog\" data-id=\"08e0ce7\" data-element_type=\"widget\" data-e-type=\"widget\" data-settings=\"{&quot;premium_blog_infinite_scroll&quot;:&quot;yes&quot;,&quot;premium_blog_columns_number&quot;:&quot;33.33%&quot;,&quot;premium_blog_grid&quot;:&quot;yes&quot;,&quot;premium_blog_layout&quot;:&quot;even&quot;,&quot;premium_blog_columns_number_tablet&quot;:&quot;50%&quot;,&quot;premium_blog_columns_number_mobile&quot;:&quot;100%&quot;}\" data-widget_type=\"premium-addon-blog.default\">\n\t\t\t\t<div class=\"elementor-widget-container\">\n\t\t\t\t\t\r\n\t\t\r\n\r\n\t\t\t\t<div class=\"premium-blog-wrap  premium-blog-even\" data-page=\"6933\">\r\n\t\t\t\t\t\t\t\t\t<div class=\"premium-blog-post-outer-container\" data-total=\"4\">\r\n\t\t\t<div class=\"premium-blog-post-container premium-blog-skin-modern\">\r\n\t\t\t\t\t\t\t\t\t<div class=\"premium-blog-thumb-effect-wrapper\">\r\n\t\t\t\t\t\t<div class=\"premium-blog-thumbnail-container premium-blog-zoomin-effect\">\r\n\t\t\t\t\t\t\t\t\t\t\t<a href=\"https:\/\/voile.qc.ca\/fr\/2026\/04\/29\/1896-1905-linvention-du-scow-a-montreal\/\" target=\"_self\">\r\n\t\t\t\t<img fetchpriority=\"high\" decoding=\"async\" width=\"2560\" height=\"2063\" src=\"https:\/\/voile.qc.ca\/wp-content\/uploads\/2026\/04\/8-Tecumseh-scaled.jpeg\" class=\"attachment-full size-full wp-image-20611\" alt=\"\" srcset=\"https:\/\/voile.qc.ca\/wp-content\/uploads\/2026\/04\/8-Tecumseh-scaled.jpeg 2560w, https:\/\/voile.qc.ca\/wp-content\/uploads\/2026\/04\/8-Tecumseh-300x242.jpeg 300w, https:\/\/voile.qc.ca\/wp-content\/uploads\/2026\/04\/8-Tecumseh-1024x825.jpeg 1024w, https:\/\/voile.qc.ca\/wp-content\/uploads\/2026\/04\/8-Tecumseh-768x619.jpeg 768w, https:\/\/voile.qc.ca\/wp-content\/uploads\/2026\/04\/8-Tecumseh-1536x1238.jpeg 1536w, https:\/\/voile.qc.ca\/wp-content\/uploads\/2026\/04\/8-Tecumseh-2048x1650.jpeg 2048w, https:\/\/voile.qc.ca\/wp-content\/uploads\/2026\/04\/8-Tecumseh-15x12.jpeg 15w, https:\/\/voile.qc.ca\/wp-content\/uploads\/2026\/04\/8-Tecumseh-600x483.jpeg 600w\" sizes=\"(max-width: 2560px) 100vw, 2560px\" \/>\t\t\t\t<\/a>\r\n\t\t\t\t\t\t\t\t\t\t<\/div>\r\n\t\t\t\t\t\t\t\t\t\t\t\t\t<div class=\"premium-blog-effect-container premium-blog-framed-effect\">\r\n\t\t\t\t\t\t\t\t<a class=\"premium-blog-post-link\" href=\"https:\/\/voile.qc.ca\/fr\/2026\/04\/29\/1896-1905-linvention-du-scow-a-montreal\/\" target=\"_self\"><span>1896-1905 &#8211; L\u2019invention du Scow \u00e0 Montr\u00e9al<\/span><\/a>\r\n\t\t\t\t\t\t\t\t\t\t\t\t\t\t\t<\/div>\r\n\t\t\t\t\t\t\t\t\t\t\t<\/div>\r\n\t\t\t\t\t\t\t\t\t\t\t\t<div class=\"premium-blog-content-wrapper \">\r\n\r\n\t\t\t\t\t<div class=\"premium-blog-inner-container\">\r\n\r\n\t\t\t\t\t\t\t\t\t\t\t\t\t\t<h2 class=\"premium-blog-entry-title\">\r\n\t\t\t<a href=\"https:\/\/voile.qc.ca\/fr\/2026\/04\/29\/1896-1905-linvention-du-scow-a-montreal\/\" target=\"_self\">\r\n\t\t\t\t1896-1905 &#8211; L\u2019invention du Scow \u00e0 Montr\u00e9al\t\t\t<\/a>\r\n\t\t<\/h2>\r\n\t\t\t\t<div class=\"premium-blog-entry-meta\">\r\n\t\t\t\r\n\t\t\t\t\t\t\t<span class=\"premium-blog-meta-separator\">\u2022<\/span>\r\n\t\t\t\t<div class=\"premium-blog-post-time premium-blog-meta-data\">\r\n\t\t\t\t\t<i class=\"fa fa-calendar-alt\" aria-hidden=\"true\"><\/i>\r\n\t\t\t\t\t<span>29 avril 2026<\/span>\r\n\t\t\t\t<\/div>\r\n\t\t\t\r\n\t\t\t\r\n\t\t\t\t\t<\/div>\r\n\t\t\r\n\t\t\t\t\t<\/div>\r\n\r\n\t\t\t\t\t\t\t<div class=\"premium-blog-content-inner-wrapper\">\r\n\t\t<p class=\"premium-blog-post-content\">1896-1905&nbsp;&#8211;&nbsp;L\u2019invention du&nbsp;Scow&nbsp;\u00e0 Montr\u00e9al Auteur Michel Sacco. L\u2019acte constitutif du&nbsp;Seawanhaka&nbsp;International Challenge Cup for Small Yachts&nbsp;fut publi\u00e9 par le&nbsp;Seawanhaka&nbsp;Corinthian&nbsp;Yacht Club en 1895.&nbsp;La comp\u00e9tition \u00e9tait \u2026<\/p>\t\t<\/div>\r\n\t\t\t\t\t\t\t\r\n\t\t\t\t<\/div>\r\n\t\t\t<\/div>\r\n\t\t<\/div>\r\n\r\n\t\t\t\t<div class=\"premium-blog-post-outer-container\" data-total=\"4\">\r\n\t\t\t<div class=\"premium-blog-post-container premium-blog-skin-modern\">\r\n\t\t\t\t\t\t\t\t\t<div class=\"premium-blog-thumb-effect-wrapper\">\r\n\t\t\t\t\t\t<div class=\"premium-blog-thumbnail-container premium-blog-zoomin-effect\">\r\n\t\t\t\t\t\t\t\t\t\t\t<a href=\"https:\/\/voile.qc.ca\/fr\/2026\/03\/20\/scott-shawyer-fait-lacquisition-dun-nouvel-imoca-pour-le-vendee-globe-2028\/\" target=\"_self\">\r\n\t\t\t\t<img decoding=\"async\" width=\"2560\" height=\"1707\" src=\"https:\/\/voile.qc.ca\/wp-content\/uploads\/2026\/04\/3-Team_Be_Water_Positive_01-scaled.jpg\" class=\"attachment-full size-full wp-image-20582\" alt=\"\" srcset=\"https:\/\/voile.qc.ca\/wp-content\/uploads\/2026\/04\/3-Team_Be_Water_Positive_01-scaled.jpg 2560w, https:\/\/voile.qc.ca\/wp-content\/uploads\/2026\/04\/3-Team_Be_Water_Positive_01-300x200.jpg 300w, https:\/\/voile.qc.ca\/wp-content\/uploads\/2026\/04\/3-Team_Be_Water_Positive_01-1024x683.jpg 1024w, https:\/\/voile.qc.ca\/wp-content\/uploads\/2026\/04\/3-Team_Be_Water_Positive_01-768x512.jpg 768w, https:\/\/voile.qc.ca\/wp-content\/uploads\/2026\/04\/3-Team_Be_Water_Positive_01-1536x1024.jpg 1536w, https:\/\/voile.qc.ca\/wp-content\/uploads\/2026\/04\/3-Team_Be_Water_Positive_01-2048x1365.jpg 2048w, https:\/\/voile.qc.ca\/wp-content\/uploads\/2026\/04\/3-Team_Be_Water_Positive_01-18x12.jpg 18w, https:\/\/voile.qc.ca\/wp-content\/uploads\/2026\/04\/3-Team_Be_Water_Positive_01-600x400.jpg 600w\" sizes=\"(max-width: 2560px) 100vw, 2560px\" \/>\t\t\t\t<\/a>\r\n\t\t\t\t\t\t\t\t\t\t<\/div>\r\n\t\t\t\t\t\t\t\t\t\t\t\t\t<div class=\"premium-blog-effect-container premium-blog-framed-effect\">\r\n\t\t\t\t\t\t\t\t<a class=\"premium-blog-post-link\" href=\"https:\/\/voile.qc.ca\/fr\/2026\/03\/20\/scott-shawyer-fait-lacquisition-dun-nouvel-imoca-pour-le-vendee-globe-2028\/\" target=\"_self\"><span>Scott Shawyer fait l\u2019acquisition d\u2019un nouvel IMOCA pour le Vend\u00e9e Globe 2028<\/span><\/a>\r\n\t\t\t\t\t\t\t\t\t\t\t\t\t\t\t<\/div>\r\n\t\t\t\t\t\t\t\t\t\t\t<\/div>\r\n\t\t\t\t\t\t\t\t\t\t\t\t<div class=\"premium-blog-content-wrapper \">\r\n\r\n\t\t\t\t\t<div class=\"premium-blog-inner-container\">\r\n\r\n\t\t\t\t\t\t\t\t\t\t\t\t\t\t<h2 class=\"premium-blog-entry-title\">\r\n\t\t\t<a href=\"https:\/\/voile.qc.ca\/fr\/2026\/03\/20\/scott-shawyer-fait-lacquisition-dun-nouvel-imoca-pour-le-vendee-globe-2028\/\" target=\"_self\">\r\n\t\t\t\tScott Shawyer fait l\u2019acquisition d\u2019un nouvel IMOCA pour le Vend\u00e9e Globe 2028\t\t\t<\/a>\r\n\t\t<\/h2>\r\n\t\t\t\t<div class=\"premium-blog-entry-meta\">\r\n\t\t\t\r\n\t\t\t\t\t\t\t<span class=\"premium-blog-meta-separator\">\u2022<\/span>\r\n\t\t\t\t<div class=\"premium-blog-post-time premium-blog-meta-data\">\r\n\t\t\t\t\t<i class=\"fa fa-calendar-alt\" aria-hidden=\"true\"><\/i>\r\n\t\t\t\t\t<span>20 mars 2026<\/span>\r\n\t\t\t\t<\/div>\r\n\t\t\t\r\n\t\t\t\r\n\t\t\t\t\t<\/div>\r\n\t\t\r\n\t\t\t\t\t<\/div>\r\n\r\n\t\t\t\t\t\t\t<div class=\"premium-blog-content-inner-wrapper\">\r\n\t\t<p class=\"premium-blog-post-content\">Scott Shawyer fait l\u2019acquisition d\u2019un nouvel IMOCA pour le Vend\u00e9e Globe 2028 Auteur Michel Sacco. Il ne faut que les deux doigts \u2026<\/p>\t\t<\/div>\r\n\t\t\t\t\t\t\t\r\n\t\t\t\t<\/div>\r\n\t\t\t<\/div>\r\n\t\t<\/div>\r\n\r\n\t\t\t\t<div class=\"premium-blog-post-outer-container\" data-total=\"4\">\r\n\t\t\t<div class=\"premium-blog-post-container premium-blog-skin-modern\">\r\n\t\t\t\t\t\t\t\t\t<div class=\"premium-blog-thumb-effect-wrapper\">\r\n\t\t\t\t\t\t<div class=\"premium-blog-thumbnail-container premium-blog-zoomin-effect\">\r\n\t\t\t\t\t\t\t\t\t\t\t<a href=\"https:\/\/voile.qc.ca\/fr\/2026\/02\/19\/georgia-et-antonia-lewin-lafrance\/\" target=\"_self\">\r\n\t\t\t\t<img decoding=\"async\" width=\"2560\" height=\"1684\" src=\"https:\/\/voile.qc.ca\/wp-content\/uploads\/2026\/02\/6-scaled.png\" class=\"attachment-full size-full wp-image-19641\" alt=\"\" srcset=\"https:\/\/voile.qc.ca\/wp-content\/uploads\/2026\/02\/6-scaled.png 2560w, https:\/\/voile.qc.ca\/wp-content\/uploads\/2026\/02\/6-300x197.png 300w, https:\/\/voile.qc.ca\/wp-content\/uploads\/2026\/02\/6-1024x673.png 1024w, https:\/\/voile.qc.ca\/wp-content\/uploads\/2026\/02\/6-768x505.png 768w, https:\/\/voile.qc.ca\/wp-content\/uploads\/2026\/02\/6-1536x1010.png 1536w, https:\/\/voile.qc.ca\/wp-content\/uploads\/2026\/02\/6-2048x1347.png 2048w, https:\/\/voile.qc.ca\/wp-content\/uploads\/2026\/02\/6-18x12.png 18w, https:\/\/voile.qc.ca\/wp-content\/uploads\/2026\/02\/6-600x395.png 600w\" sizes=\"(max-width: 2560px) 100vw, 2560px\" \/>\t\t\t\t<\/a>\r\n\t\t\t\t\t\t\t\t\t\t<\/div>\r\n\t\t\t\t\t\t\t\t\t\t\t\t\t<div class=\"premium-blog-effect-container premium-blog-framed-effect\">\r\n\t\t\t\t\t\t\t\t<a class=\"premium-blog-post-link\" href=\"https:\/\/voile.qc.ca\/fr\/2026\/02\/19\/georgia-et-antonia-lewin-lafrance\/\" target=\"_self\"><span>Georgia et Antonia Lewin-Lafrance<\/span><\/a>\r\n\t\t\t\t\t\t\t\t\t\t\t\t\t\t\t<\/div>\r\n\t\t\t\t\t\t\t\t\t\t\t<\/div>\r\n\t\t\t\t\t\t\t\t\t\t\t\t<div class=\"premium-blog-content-wrapper \">\r\n\r\n\t\t\t\t\t<div class=\"premium-blog-inner-container\">\r\n\r\n\t\t\t\t\t\t\t\t\t\t\t\t\t\t<h2 class=\"premium-blog-entry-title\">\r\n\t\t\t<a href=\"https:\/\/voile.qc.ca\/fr\/2026\/02\/19\/georgia-et-antonia-lewin-lafrance\/\" target=\"_self\">\r\n\t\t\t\tGeorgia et Antonia Lewin-Lafrance\t\t\t<\/a>\r\n\t\t<\/h2>\r\n\t\t\t\t<div class=\"premium-blog-entry-meta\">\r\n\t\t\t\r\n\t\t\t\t\t\t\t<span class=\"premium-blog-meta-separator\">\u2022<\/span>\r\n\t\t\t\t<div class=\"premium-blog-post-time premium-blog-meta-data\">\r\n\t\t\t\t\t<i class=\"fa fa-calendar-alt\" aria-hidden=\"true\"><\/i>\r\n\t\t\t\t\t<span>19 f\u00e9vrier 2026<\/span>\r\n\t\t\t\t<\/div>\r\n\t\t\t\r\n\t\t\t\r\n\t\t\t\t\t<\/div>\r\n\t\t\r\n\t\t\t\t\t<\/div>\r\n\r\n\t\t\t\t\t\t\t<div class=\"premium-blog-content-inner-wrapper\">\r\n\t\t<p class=\"premium-blog-post-content\">Georgia et Antonia Lewin-Lafrance Un \u00e9quipage en pleine possession de ses moyens porteur de solides espoirs de m\u00e9daille olympique en 49er FX \u2026<\/p>\t\t<\/div>\r\n\t\t\t\t\t\t\t\r\n\t\t\t\t<\/div>\r\n\t\t\t<\/div>\r\n\t\t<\/div>\r\n\r\n\t\t\t\t<div class=\"premium-blog-post-outer-container\" data-total=\"4\">\r\n\t\t\t<div class=\"premium-blog-post-container premium-blog-skin-modern\">\r\n\t\t\t\t\t\t\t\t\t<div class=\"premium-blog-thumb-effect-wrapper\">\r\n\t\t\t\t\t\t<div class=\"premium-blog-thumbnail-container premium-blog-zoomin-effect\">\r\n\t\t\t\t\t\t\t\t\t\t\t<a href=\"https:\/\/voile.qc.ca\/fr\/2026\/01\/22\/john-welsford-larchitecte-des-petits-bateaux\/\" target=\"_self\">\r\n\t\t\t\t<img loading=\"lazy\" decoding=\"async\" width=\"2048\" height=\"1273\" src=\"https:\/\/voile.qc.ca\/wp-content\/uploads\/2026\/01\/1-Ellie-vue-avant.jpg\" class=\"attachment-full size-full wp-image-19283\" alt=\"\" srcset=\"https:\/\/voile.qc.ca\/wp-content\/uploads\/2026\/01\/1-Ellie-vue-avant.jpg 2048w, https:\/\/voile.qc.ca\/wp-content\/uploads\/2026\/01\/1-Ellie-vue-avant-300x186.jpg 300w, https:\/\/voile.qc.ca\/wp-content\/uploads\/2026\/01\/1-Ellie-vue-avant-1024x637.jpg 1024w, https:\/\/voile.qc.ca\/wp-content\/uploads\/2026\/01\/1-Ellie-vue-avant-768x477.jpg 768w, https:\/\/voile.qc.ca\/wp-content\/uploads\/2026\/01\/1-Ellie-vue-avant-1536x955.jpg 1536w, https:\/\/voile.qc.ca\/wp-content\/uploads\/2026\/01\/1-Ellie-vue-avant-18x12.jpg 18w, https:\/\/voile.qc.ca\/wp-content\/uploads\/2026\/01\/1-Ellie-vue-avant-600x373.jpg 600w\" sizes=\"(max-width: 2048px) 100vw, 2048px\" \/>\t\t\t\t<\/a>\r\n\t\t\t\t\t\t\t\t\t\t<\/div>\r\n\t\t\t\t\t\t\t\t\t\t\t\t\t<div class=\"premium-blog-effect-container premium-blog-framed-effect\">\r\n\t\t\t\t\t\t\t\t<a class=\"premium-blog-post-link\" href=\"https:\/\/voile.qc.ca\/fr\/2026\/01\/22\/john-welsford-larchitecte-des-petits-bateaux\/\" target=\"_self\"><span>John Welsford, l\u2019architecte des petits bateaux<\/span><\/a>\r\n\t\t\t\t\t\t\t\t\t\t\t\t\t\t\t<\/div>\r\n\t\t\t\t\t\t\t\t\t\t\t<\/div>\r\n\t\t\t\t\t\t\t\t\t\t\t\t<div class=\"premium-blog-content-wrapper \">\r\n\r\n\t\t\t\t\t<div class=\"premium-blog-inner-container\">\r\n\r\n\t\t\t\t\t\t\t\t\t\t\t\t\t\t<h2 class=\"premium-blog-entry-title\">\r\n\t\t\t<a href=\"https:\/\/voile.qc.ca\/fr\/2026\/01\/22\/john-welsford-larchitecte-des-petits-bateaux\/\" target=\"_self\">\r\n\t\t\t\tJohn Welsford, l\u2019architecte des petits bateaux\t\t\t<\/a>\r\n\t\t<\/h2>\r\n\t\t\t\t<div class=\"premium-blog-entry-meta\">\r\n\t\t\t\r\n\t\t\t\t\t\t\t<span class=\"premium-blog-meta-separator\">\u2022<\/span>\r\n\t\t\t\t<div class=\"premium-blog-post-time premium-blog-meta-data\">\r\n\t\t\t\t\t<i class=\"fa fa-calendar-alt\" aria-hidden=\"true\"><\/i>\r\n\t\t\t\t\t<span>22 janvier 2026<\/span>\r\n\t\t\t\t<\/div>\r\n\t\t\t\r\n\t\t\t\r\n\t\t\t\t\t<\/div>\r\n\t\t\r\n\t\t\t\t\t<\/div>\r\n\r\n\t\t\t\t\t\t\t<div class=\"premium-blog-content-inner-wrapper\">\r\n\t\t<p class=\"premium-blog-post-content\">John Welsford, l\u2019architecte des petits bateaux Auteur Michel Sacco. \u00a0 Personnage \u00e9clectique et ind\u00e9pendant, le designer n\u00e9o-z\u00e9landais John Welsford fait partie de \u2026<\/p>\t\t<\/div>\r\n\t\t\t\t\t\t\t\r\n\t\t\t\t<\/div>\r\n\t\t\t<\/div>\r\n\t\t<\/div>\r\n\r\n\t\t\t\t<div class=\"premium-blog-post-outer-container\" data-total=\"4\">\r\n\t\t\t<div class=\"premium-blog-post-container premium-blog-skin-modern\">\r\n\t\t\t\t\t\t\t\t\t<div class=\"premium-blog-thumb-effect-wrapper\">\r\n\t\t\t\t\t\t<div class=\"premium-blog-thumbnail-container premium-blog-zoomin-effect\">\r\n\t\t\t\t\t\t\t\t\t\t\t<a href=\"https:\/\/voile.qc.ca\/fr\/2025\/12\/18\/le-shark-24-un-precurseur-qui-a-fait-lhistoire\/\" target=\"_self\">\r\n\t\t\t\t<img loading=\"lazy\" decoding=\"async\" width=\"2560\" height=\"1712\" src=\"https:\/\/voile.qc.ca\/wp-content\/uploads\/2025\/12\/2-Lac-de-Constance-1-scaled.jpeg\" class=\"attachment-full size-full wp-image-18820\" alt=\"\" srcset=\"https:\/\/voile.qc.ca\/wp-content\/uploads\/2025\/12\/2-Lac-de-Constance-1-scaled.jpeg 2560w, https:\/\/voile.qc.ca\/wp-content\/uploads\/2025\/12\/2-Lac-de-Constance-1-300x201.jpeg 300w, https:\/\/voile.qc.ca\/wp-content\/uploads\/2025\/12\/2-Lac-de-Constance-1-1024x685.jpeg 1024w, https:\/\/voile.qc.ca\/wp-content\/uploads\/2025\/12\/2-Lac-de-Constance-1-768x514.jpeg 768w, https:\/\/voile.qc.ca\/wp-content\/uploads\/2025\/12\/2-Lac-de-Constance-1-1536x1027.jpeg 1536w, https:\/\/voile.qc.ca\/wp-content\/uploads\/2025\/12\/2-Lac-de-Constance-1-2048x1369.jpeg 2048w, https:\/\/voile.qc.ca\/wp-content\/uploads\/2025\/12\/2-Lac-de-Constance-1-18x12.jpeg 18w, https:\/\/voile.qc.ca\/wp-content\/uploads\/2025\/12\/2-Lac-de-Constance-1-600x401.jpeg 600w\" sizes=\"(max-width: 2560px) 100vw, 2560px\" \/>\t\t\t\t<\/a>\r\n\t\t\t\t\t\t\t\t\t\t<\/div>\r\n\t\t\t\t\t\t\t\t\t\t\t\t\t<div class=\"premium-blog-effect-container premium-blog-framed-effect\">\r\n\t\t\t\t\t\t\t\t<a class=\"premium-blog-post-link\" href=\"https:\/\/voile.qc.ca\/fr\/2025\/12\/18\/le-shark-24-un-precurseur-qui-a-fait-lhistoire\/\" target=\"_self\"><span>Le Shark 24, un pr\u00e9curseur qui a fait l\u2019histoire<\/span><\/a>\r\n\t\t\t\t\t\t\t\t\t\t\t\t\t\t\t<\/div>\r\n\t\t\t\t\t\t\t\t\t\t\t<\/div>\r\n\t\t\t\t\t\t\t\t\t\t\t\t<div class=\"premium-blog-content-wrapper \">\r\n\r\n\t\t\t\t\t<div class=\"premium-blog-inner-container\">\r\n\r\n\t\t\t\t\t\t\t\t\t\t\t\t\t\t<h2 class=\"premium-blog-entry-title\">\r\n\t\t\t<a href=\"https:\/\/voile.qc.ca\/fr\/2025\/12\/18\/le-shark-24-un-precurseur-qui-a-fait-lhistoire\/\" target=\"_self\">\r\n\t\t\t\tLe Shark 24, un pr\u00e9curseur qui a fait l\u2019histoire\t\t\t<\/a>\r\n\t\t<\/h2>\r\n\t\t\t\t<div class=\"premium-blog-entry-meta\">\r\n\t\t\t\r\n\t\t\t\t\t\t\t<span class=\"premium-blog-meta-separator\">\u2022<\/span>\r\n\t\t\t\t<div class=\"premium-blog-post-time premium-blog-meta-data\">\r\n\t\t\t\t\t<i class=\"fa fa-calendar-alt\" aria-hidden=\"true\"><\/i>\r\n\t\t\t\t\t<span>18 D\u00e9cembre 2025<\/span>\r\n\t\t\t\t<\/div>\r\n\t\t\t\r\n\t\t\t\r\n\t\t\t\t\t<\/div>\r\n\t\t\r\n\t\t\t\t\t<\/div>\r\n\r\n\t\t\t\t\t\t\t<div class=\"premium-blog-content-inner-wrapper\">\r\n\t\t<p class=\"premium-blog-post-content\">Le Shark 24, un pr\u00e9curseur qui a fait l\u2019histoire Auteur Michel Sacco. Difficile de s\u2019imaginer aujourd\u2019hui le portrait du monde de la \u2026<\/p>\t\t<\/div>\r\n\t\t\t\t\t\t\t\r\n\t\t\t\t<\/div>\r\n\t\t\t<\/div>\r\n\t\t<\/div>\r\n\r\n\t\t\t\t<div class=\"premium-blog-post-outer-container\" data-total=\"4\">\r\n\t\t\t<div class=\"premium-blog-post-container premium-blog-skin-modern\">\r\n\t\t\t\t\t\t\t\t\t<div class=\"premium-blog-thumb-effect-wrapper\">\r\n\t\t\t\t\t\t<div class=\"premium-blog-thumbnail-container premium-blog-zoomin-effect\">\r\n\t\t\t\t\t\t\t\t\t\t\t<a href=\"https:\/\/voile.qc.ca\/fr\/2025\/11\/21\/la-marine-de-commerce-hisse-a-nouveau-les-voiles\/\" target=\"_self\">\r\n\t\t\t\t<img loading=\"lazy\" decoding=\"async\" width=\"2560\" height=\"1795\" src=\"https:\/\/voile.qc.ca\/wp-content\/uploads\/2025\/11\/4-Neoliner-origin-1-1-scaled.jpeg\" class=\"attachment-full size-full wp-image-18636\" alt=\"\" srcset=\"https:\/\/voile.qc.ca\/wp-content\/uploads\/2025\/11\/4-Neoliner-origin-1-1-scaled.jpeg 2560w, https:\/\/voile.qc.ca\/wp-content\/uploads\/2025\/11\/4-Neoliner-origin-1-1-300x210.jpeg 300w, https:\/\/voile.qc.ca\/wp-content\/uploads\/2025\/11\/4-Neoliner-origin-1-1-1024x718.jpeg 1024w, https:\/\/voile.qc.ca\/wp-content\/uploads\/2025\/11\/4-Neoliner-origin-1-1-768x538.jpeg 768w, https:\/\/voile.qc.ca\/wp-content\/uploads\/2025\/11\/4-Neoliner-origin-1-1-1536x1077.jpeg 1536w, https:\/\/voile.qc.ca\/wp-content\/uploads\/2025\/11\/4-Neoliner-origin-1-1-2048x1436.jpeg 2048w, https:\/\/voile.qc.ca\/wp-content\/uploads\/2025\/11\/4-Neoliner-origin-1-1-18x12.jpeg 18w, https:\/\/voile.qc.ca\/wp-content\/uploads\/2025\/11\/4-Neoliner-origin-1-1-600x421.jpeg 600w\" sizes=\"(max-width: 2560px) 100vw, 2560px\" \/>\t\t\t\t<\/a>\r\n\t\t\t\t\t\t\t\t\t\t<\/div>\r\n\t\t\t\t\t\t\t\t\t\t\t\t\t<div class=\"premium-blog-effect-container premium-blog-framed-effect\">\r\n\t\t\t\t\t\t\t\t<a class=\"premium-blog-post-link\" href=\"https:\/\/voile.qc.ca\/fr\/2025\/11\/21\/la-marine-de-commerce-hisse-a-nouveau-les-voiles\/\" target=\"_self\"><span>La marine de commerce hisse \u00e0 nouveau les voiles<\/span><\/a>\r\n\t\t\t\t\t\t\t\t\t\t\t\t\t\t\t<\/div>\r\n\t\t\t\t\t\t\t\t\t\t\t<\/div>\r\n\t\t\t\t\t\t\t\t\t\t\t\t<div class=\"premium-blog-content-wrapper \">\r\n\r\n\t\t\t\t\t<div class=\"premium-blog-inner-container\">\r\n\r\n\t\t\t\t\t\t\t\t\t\t\t\t\t\t<h2 class=\"premium-blog-entry-title\">\r\n\t\t\t<a href=\"https:\/\/voile.qc.ca\/fr\/2025\/11\/21\/la-marine-de-commerce-hisse-a-nouveau-les-voiles\/\" target=\"_self\">\r\n\t\t\t\tLa marine de commerce hisse \u00e0 nouveau les voiles\t\t\t<\/a>\r\n\t\t<\/h2>\r\n\t\t\t\t<div class=\"premium-blog-entry-meta\">\r\n\t\t\t\r\n\t\t\t\t\t\t\t<span class=\"premium-blog-meta-separator\">\u2022<\/span>\r\n\t\t\t\t<div class=\"premium-blog-post-time premium-blog-meta-data\">\r\n\t\t\t\t\t<i class=\"fa fa-calendar-alt\" aria-hidden=\"true\"><\/i>\r\n\t\t\t\t\t<span>21 novembre 2025<\/span>\r\n\t\t\t\t<\/div>\r\n\t\t\t\r\n\t\t\t\r\n\t\t\t\t\t<\/div>\r\n\t\t\r\n\t\t\t\t\t<\/div>\r\n\r\n\t\t\t\t\t\t\t<div class=\"premium-blog-content-inner-wrapper\">\r\n\t\t<p class=\"premium-blog-post-content\">La marine de commerce hisse \u00e0 nouveau les voilesAuteur Michel Sacco. La marine \u00e0 voile a graduellement disparu au d\u00e9but du XXe \u2026<\/p>\t\t<\/div>\r\n\t\t\t\t\t\t\t\r\n\t\t\t\t<\/div>\r\n\t\t\t<\/div>\r\n\t\t<\/div>\r\n\r\n\t\t\t\t<div class=\"premium-blog-post-outer-container\" data-total=\"4\">\r\n\t\t\t<div class=\"premium-blog-post-container premium-blog-skin-modern\">\r\n\t\t\t\t\t\t\t\t\t<div class=\"premium-blog-thumb-effect-wrapper\">\r\n\t\t\t\t\t\t<div class=\"premium-blog-thumbnail-container premium-blog-zoomin-effect\">\r\n\t\t\t\t\t\t\t\t\t\t\t<a href=\"https:\/\/voile.qc.ca\/fr\/2025\/10\/20\/linitiative-voile-au-feminin-du-club-nautique-du-lac-brome-nomme-evenement-recreatif-de-lannee-par-voile-canada-duplicate-18404\/\" target=\"_self\">\r\n\t\t\t\t<img loading=\"lazy\" decoding=\"async\" width=\"2000\" height=\"1125\" src=\"https:\/\/voile.qc.ca\/wp-content\/uploads\/2025\/10\/2-babord-amures_n.jpg\" class=\"attachment-full size-full wp-image-18438\" alt=\"\" srcset=\"https:\/\/voile.qc.ca\/wp-content\/uploads\/2025\/10\/2-babord-amures_n.jpg 2000w, https:\/\/voile.qc.ca\/wp-content\/uploads\/2025\/10\/2-babord-amures_n-300x169.jpg 300w, https:\/\/voile.qc.ca\/wp-content\/uploads\/2025\/10\/2-babord-amures_n-1024x576.jpg 1024w, https:\/\/voile.qc.ca\/wp-content\/uploads\/2025\/10\/2-babord-amures_n-768x432.jpg 768w, https:\/\/voile.qc.ca\/wp-content\/uploads\/2025\/10\/2-babord-amures_n-1536x864.jpg 1536w, https:\/\/voile.qc.ca\/wp-content\/uploads\/2025\/10\/2-babord-amures_n-18x10.jpg 18w, https:\/\/voile.qc.ca\/wp-content\/uploads\/2025\/10\/2-babord-amures_n-600x338.jpg 600w\" sizes=\"(max-width: 2000px) 100vw, 2000px\" \/>\t\t\t\t<\/a>\r\n\t\t\t\t\t\t\t\t\t\t<\/div>\r\n\t\t\t\t\t\t\t\t\t\t\t\t\t<div class=\"premium-blog-effect-container premium-blog-framed-effect\">\r\n\t\t\t\t\t\t\t\t<a class=\"premium-blog-post-link\" href=\"https:\/\/voile.qc.ca\/fr\/2025\/10\/20\/linitiative-voile-au-feminin-du-club-nautique-du-lac-brome-nomme-evenement-recreatif-de-lannee-par-voile-canada-duplicate-18404\/\" target=\"_self\"><span>Dorothy, le doyen des voiliers canadiens<\/span><\/a>\r\n\t\t\t\t\t\t\t\t\t\t\t\t\t\t\t<\/div>\r\n\t\t\t\t\t\t\t\t\t\t\t<\/div>\r\n\t\t\t\t\t\t\t\t\t\t\t\t<div class=\"premium-blog-content-wrapper \">\r\n\r\n\t\t\t\t\t<div class=\"premium-blog-inner-container\">\r\n\r\n\t\t\t\t\t\t\t\t\t\t\t\t\t\t<h2 class=\"premium-blog-entry-title\">\r\n\t\t\t<a href=\"https:\/\/voile.qc.ca\/fr\/2025\/10\/20\/linitiative-voile-au-feminin-du-club-nautique-du-lac-brome-nomme-evenement-recreatif-de-lannee-par-voile-canada-duplicate-18404\/\" target=\"_self\">\r\n\t\t\t\tDorothy, le doyen des voiliers canadiens\t\t\t<\/a>\r\n\t\t<\/h2>\r\n\t\t\t\t<div class=\"premium-blog-entry-meta\">\r\n\t\t\t\r\n\t\t\t\t\t\t\t<span class=\"premium-blog-meta-separator\">\u2022<\/span>\r\n\t\t\t\t<div class=\"premium-blog-post-time premium-blog-meta-data\">\r\n\t\t\t\t\t<i class=\"fa fa-calendar-alt\" aria-hidden=\"true\"><\/i>\r\n\t\t\t\t\t<span>20 octobre 2025<\/span>\r\n\t\t\t\t<\/div>\r\n\t\t\t\r\n\t\t\t\r\n\t\t\t\t\t<\/div>\r\n\t\t\r\n\t\t\t\t\t<\/div>\r\n\r\n\t\t\t\t\t\t\t<div class=\"premium-blog-content-inner-wrapper\">\r\n\t\t<p class=\"premium-blog-post-content\">Dorothy, le doyen des voiliers canadiens Le sloop de 30 pieds lanc\u00e9 pour la premi\u00e8re fois en 1897 a retrouv\u00e9 son \u00e9l\u00e9ment \u2026<\/p>\t\t<\/div>\r\n\t\t\t\t\t\t\t\r\n\t\t\t\t<\/div>\r\n\t\t\t<\/div>\r\n\t\t<\/div>\r\n\r\n\t\t\t\t<div class=\"premium-blog-post-outer-container\" data-total=\"4\">\r\n\t\t\t<div class=\"premium-blog-post-container premium-blog-skin-modern\">\r\n\t\t\t\t\t\t\t\t\t<div class=\"premium-blog-thumb-effect-wrapper\">\r\n\t\t\t\t\t\t<div class=\"premium-blog-thumbnail-container premium-blog-zoomin-effect\">\r\n\t\t\t\t\t\t\t\t\t\t\t<a href=\"https:\/\/voile.qc.ca\/fr\/2025\/10\/14\/open-cst-kingston-weekend-duplicate-18229\/\" target=\"_self\">\r\n\t\t\t\t<img loading=\"lazy\" decoding=\"async\" width=\"1440\" height=\"1080\" src=\"https:\/\/voile.qc.ca\/wp-content\/uploads\/2025\/10\/Camp1.jpg\" class=\"attachment-full size-full wp-image-18408\" alt=\"\" srcset=\"https:\/\/voile.qc.ca\/wp-content\/uploads\/2025\/10\/Camp1.jpg 1440w, https:\/\/voile.qc.ca\/wp-content\/uploads\/2025\/10\/Camp1-300x225.jpg 300w, https:\/\/voile.qc.ca\/wp-content\/uploads\/2025\/10\/Camp1-1024x768.jpg 1024w, https:\/\/voile.qc.ca\/wp-content\/uploads\/2025\/10\/Camp1-768x576.jpg 768w, https:\/\/voile.qc.ca\/wp-content\/uploads\/2025\/10\/Camp1-16x12.jpg 16w, https:\/\/voile.qc.ca\/wp-content\/uploads\/2025\/10\/Camp1-600x450.jpg 600w\" sizes=\"(max-width: 1440px) 100vw, 1440px\" \/>\t\t\t\t<\/a>\r\n\t\t\t\t\t\t\t\t\t\t<\/div>\r\n\t\t\t\t\t\t\t\t\t\t\t\t\t<div class=\"premium-blog-effect-container premium-blog-framed-effect\">\r\n\t\t\t\t\t\t\t\t<a class=\"premium-blog-post-link\" href=\"https:\/\/voile.qc.ca\/fr\/2025\/10\/14\/open-cst-kingston-weekend-duplicate-18229\/\" target=\"_self\"><span>L\u2019initiative Voile au f\u00e9minin du Club nautique du Lac Brome nomm\u00e9 \u00c9v\u00e9nement r\u00e9cr\u00e9atif de l\u2019ann\u00e9e par Voile Canada<\/span><\/a>\r\n\t\t\t\t\t\t\t\t\t\t\t\t\t\t\t<\/div>\r\n\t\t\t\t\t\t\t\t\t\t\t<\/div>\r\n\t\t\t\t\t\t\t\t\t\t\t\t<div class=\"premium-blog-content-wrapper \">\r\n\r\n\t\t\t\t\t<div class=\"premium-blog-inner-container\">\r\n\r\n\t\t\t\t\t\t\t\t\t\t\t\t\t\t<h2 class=\"premium-blog-entry-title\">\r\n\t\t\t<a href=\"https:\/\/voile.qc.ca\/fr\/2025\/10\/14\/open-cst-kingston-weekend-duplicate-18229\/\" target=\"_self\">\r\n\t\t\t\tL\u2019initiative Voile au f\u00e9minin du Club nautique du Lac Brome nomm\u00e9 \u00c9v\u00e9nement r\u00e9cr\u00e9atif de l\u2019ann\u00e9e par Voile Canada\t\t\t<\/a>\r\n\t\t<\/h2>\r\n\t\t\t\t<div class=\"premium-blog-entry-meta\">\r\n\t\t\t\r\n\t\t\t\t\t\t\t<span class=\"premium-blog-meta-separator\">\u2022<\/span>\r\n\t\t\t\t<div class=\"premium-blog-post-time premium-blog-meta-data\">\r\n\t\t\t\t\t<i class=\"fa fa-calendar-alt\" aria-hidden=\"true\"><\/i>\r\n\t\t\t\t\t<span>14 octobre 2025<\/span>\r\n\t\t\t\t<\/div>\r\n\t\t\t\r\n\t\t\t\r\n\t\t\t\t\t<\/div>\r\n\t\t\r\n\t\t\t\t\t<\/div>\r\n\r\n\t\t\t\t\t\t\t<div class=\"premium-blog-content-inner-wrapper\">\r\n\t\t<p class=\"premium-blog-post-content\">L\u2019initiative Voile au f\u00e9minin du Club nautique du Lac Brome nomm\u00e9 \u00c9v\u00e9nement r\u00e9cr\u00e9atif de l\u2019ann\u00e9e par Voile Canada La F\u00e9d\u00e9ration de voile \u2026<\/p>\t\t<\/div>\r\n\t\t\t\t\t\t\t\r\n\t\t\t\t<\/div>\r\n\t\t\t<\/div>\r\n\t\t<\/div>\r\n\r\n\t\t\t\t<div class=\"premium-blog-post-outer-container\" data-total=\"4\">\r\n\t\t\t<div class=\"premium-blog-post-container premium-blog-skin-modern\">\r\n\t\t\t\t\t\t\t\t\t<div class=\"premium-blog-thumb-effect-wrapper\">\r\n\t\t\t\t\t\t<div class=\"premium-blog-thumbnail-container premium-blog-zoomin-effect\">\r\n\t\t\t\t\t\t\t\t\t\t\t<a href=\"https:\/\/voile.qc.ca\/fr\/2025\/09\/17\/wecanfoil-un-programme-pour-democratiser-la-regate-sur-foil-duplicate-18113\/\" target=\"_self\">\r\n\t\t\t\t<img loading=\"lazy\" decoding=\"async\" width=\"640\" height=\"480\" src=\"https:\/\/voile.qc.ca\/wp-content\/uploads\/2025\/09\/CST-2.jpg\" class=\"attachment-full size-full wp-image-18237\" alt=\"\" srcset=\"https:\/\/voile.qc.ca\/wp-content\/uploads\/2025\/09\/CST-2.jpg 640w, https:\/\/voile.qc.ca\/wp-content\/uploads\/2025\/09\/CST-2-300x225.jpg 300w, https:\/\/voile.qc.ca\/wp-content\/uploads\/2025\/09\/CST-2-16x12.jpg 16w, https:\/\/voile.qc.ca\/wp-content\/uploads\/2025\/09\/CST-2-600x450.jpg 600w\" sizes=\"(max-width: 640px) 100vw, 640px\" \/>\t\t\t\t<\/a>\r\n\t\t\t\t\t\t\t\t\t\t<\/div>\r\n\t\t\t\t\t\t\t\t\t\t\t\t\t<div class=\"premium-blog-effect-container premium-blog-framed-effect\">\r\n\t\t\t\t\t\t\t\t<a class=\"premium-blog-post-link\" href=\"https:\/\/voile.qc.ca\/fr\/2025\/09\/17\/wecanfoil-un-programme-pour-democratiser-la-regate-sur-foil-duplicate-18113\/\" target=\"_self\"><span>Open CST Kingston Weekend<\/span><\/a>\r\n\t\t\t\t\t\t\t\t\t\t\t\t\t\t\t<\/div>\r\n\t\t\t\t\t\t\t\t\t\t\t<\/div>\r\n\t\t\t\t\t\t\t\t\t\t\t\t<div class=\"premium-blog-content-wrapper \">\r\n\r\n\t\t\t\t\t<div class=\"premium-blog-inner-container\">\r\n\r\n\t\t\t\t\t\t\t\t\t\t\t\t\t\t<h2 class=\"premium-blog-entry-title\">\r\n\t\t\t<a href=\"https:\/\/voile.qc.ca\/fr\/2025\/09\/17\/wecanfoil-un-programme-pour-democratiser-la-regate-sur-foil-duplicate-18113\/\" target=\"_self\">\r\n\t\t\t\tOpen CST Kingston Weekend\t\t\t<\/a>\r\n\t\t<\/h2>\r\n\t\t\t\t<div class=\"premium-blog-entry-meta\">\r\n\t\t\t\r\n\t\t\t\t\t\t\t<span class=\"premium-blog-meta-separator\">\u2022<\/span>\r\n\t\t\t\t<div class=\"premium-blog-post-time premium-blog-meta-data\">\r\n\t\t\t\t\t<i class=\"fa fa-calendar-alt\" aria-hidden=\"true\"><\/i>\r\n\t\t\t\t\t<span>17 septembre 2025<\/span>\r\n\t\t\t\t<\/div>\r\n\t\t\t\r\n\t\t\t\r\n\t\t\t\t\t<\/div>\r\n\t\t\r\n\t\t\t\t\t<\/div>\r\n\r\n\t\t\t\t\t\t\t<div class=\"premium-blog-content-inner-wrapper\">\r\n\t\t<p class=\"premium-blog-post-content\">Open CST Kingston\u00a0 \u2013 Fin de semaine ouverte de l\u2019\u00e9quipe canadienne de voile (\u00c9CV) \u00e0 Kingston Voile Canada a lanc\u00e9 sa premi\u00e8re \u2026<\/p>\t\t<\/div>\r\n\t\t\t\t\t\t\t\r\n\t\t\t\t<\/div>\r\n\t\t\t<\/div>\r\n\t\t<\/div>\r\n\r\n\t\t\t\t<div class=\"premium-blog-post-outer-container\" data-total=\"4\">\r\n\t\t\t<div class=\"premium-blog-post-container premium-blog-skin-modern\">\r\n\t\t\t\t\t\t\t\t\t<div class=\"premium-blog-thumb-effect-wrapper\">\r\n\t\t\t\t\t\t<div class=\"premium-blog-thumbnail-container premium-blog-zoomin-effect\">\r\n\t\t\t\t\t\t\t\t\t\t\t<a href=\"https:\/\/voile.qc.ca\/fr\/2025\/08\/26\/paroles-de-navigatrices-du-bas-saint-laurent-duplicate-17930-2\/\" target=\"_self\">\r\n\t\t\t\t<img loading=\"lazy\" decoding=\"async\" width=\"2560\" height=\"1771\" src=\"https:\/\/voile.qc.ca\/wp-content\/uploads\/2025\/08\/1-INTRO-Waszp-Halifax-1-scaled.jpeg\" class=\"attachment-full size-full wp-image-18120\" alt=\"\" srcset=\"https:\/\/voile.qc.ca\/wp-content\/uploads\/2025\/08\/1-INTRO-Waszp-Halifax-1-scaled.jpeg 2560w, https:\/\/voile.qc.ca\/wp-content\/uploads\/2025\/08\/1-INTRO-Waszp-Halifax-1-300x207.jpeg 300w, https:\/\/voile.qc.ca\/wp-content\/uploads\/2025\/08\/1-INTRO-Waszp-Halifax-1-1024x708.jpeg 1024w, https:\/\/voile.qc.ca\/wp-content\/uploads\/2025\/08\/1-INTRO-Waszp-Halifax-1-768x531.jpeg 768w, https:\/\/voile.qc.ca\/wp-content\/uploads\/2025\/08\/1-INTRO-Waszp-Halifax-1-1536x1062.jpeg 1536w, https:\/\/voile.qc.ca\/wp-content\/uploads\/2025\/08\/1-INTRO-Waszp-Halifax-1-2048x1416.jpeg 2048w, https:\/\/voile.qc.ca\/wp-content\/uploads\/2025\/08\/1-INTRO-Waszp-Halifax-1-18x12.jpeg 18w, https:\/\/voile.qc.ca\/wp-content\/uploads\/2025\/08\/1-INTRO-Waszp-Halifax-1-600x415.jpeg 600w\" sizes=\"(max-width: 2560px) 100vw, 2560px\" \/>\t\t\t\t<\/a>\r\n\t\t\t\t\t\t\t\t\t\t<\/div>\r\n\t\t\t\t\t\t\t\t\t\t\t\t\t<div class=\"premium-blog-effect-container premium-blog-framed-effect\">\r\n\t\t\t\t\t\t\t\t<a class=\"premium-blog-post-link\" href=\"https:\/\/voile.qc.ca\/fr\/2025\/08\/26\/paroles-de-navigatrices-du-bas-saint-laurent-duplicate-17930-2\/\" target=\"_self\"><span>WeCANFoil, un programme pour d\u00e9mocratiser la r\u00e9gate sur foil<\/span><\/a>\r\n\t\t\t\t\t\t\t\t\t\t\t\t\t\t\t<\/div>\r\n\t\t\t\t\t\t\t\t\t\t\t<\/div>\r\n\t\t\t\t\t\t\t\t\t\t\t\t<div class=\"premium-blog-content-wrapper \">\r\n\r\n\t\t\t\t\t<div class=\"premium-blog-inner-container\">\r\n\r\n\t\t\t\t\t\t\t\t\t\t\t\t\t\t<h2 class=\"premium-blog-entry-title\">\r\n\t\t\t<a href=\"https:\/\/voile.qc.ca\/fr\/2025\/08\/26\/paroles-de-navigatrices-du-bas-saint-laurent-duplicate-17930-2\/\" target=\"_self\">\r\n\t\t\t\tWeCANFoil, un programme pour d\u00e9mocratiser la r\u00e9gate sur foil\t\t\t<\/a>\r\n\t\t<\/h2>\r\n\t\t\t\t<div class=\"premium-blog-entry-meta\">\r\n\t\t\t\r\n\t\t\t\t\t\t\t<span class=\"premium-blog-meta-separator\">\u2022<\/span>\r\n\t\t\t\t<div class=\"premium-blog-post-time premium-blog-meta-data\">\r\n\t\t\t\t\t<i class=\"fa fa-calendar-alt\" aria-hidden=\"true\"><\/i>\r\n\t\t\t\t\t<span>26 ao\u00fbt 2025<\/span>\r\n\t\t\t\t<\/div>\r\n\t\t\t\r\n\t\t\t\r\n\t\t\t\t\t<\/div>\r\n\t\t\r\n\t\t\t\t\t<\/div>\r\n\r\n\t\t\t\t\t\t\t<div class=\"premium-blog-content-inner-wrapper\">\r\n\t\t<p class=\"premium-blog-post-content\">WeCANFoil, un programme pour d\u00e9mocratiser la r\u00e9gate sur foil Par Michel SaccoJournaliste pour Voile Qu\u00e9bec Lorsque le Canada s\u2019est engag\u00e9 dans le \u2026<\/p>\t\t<\/div>\r\n\t\t\t\t\t\t\t\r\n\t\t\t\t<\/div>\r\n\t\t\t<\/div>\r\n\t\t<\/div>\r\n\r\n\t\t\t\t\t\t\t<\/div>\r\n\r\n\t\t\r\n\t\t\r\n\t\t\t\t\t\t<\/div>\n\t\t\t\t<\/div>\n\t\t\t\t\t<\/div>\n\t\t<\/div>\n\t\t\t\t\t<\/div>\n\t\t<\/section>\n\t\t\t\t<\/div>\n\t\t","protected":false},"excerpt":{"rendered":"<p>Nouvelles Trente et un Classe 40 au d\u00e9part de Qu\u00e9bec\u2013Saint-Malo, une bataille entre coureurs et architectes \u2022 9 juin 2024 Transat Qu\u00e9bec-Saint-Malo Captain Alternance, le Lift V2 de Keni Piperol. \u00a9Transat Jacques Vabre Le Clak 40 Dekuple, le premier plan de Class \u2026 LES \u00c9CHOS DES PONTONS \u2022 9 juin 2024 De Fort de France [&hellip;]<\/p>\n","protected":false},"author":7,"featured_media":0,"parent":0,"menu_order":0,"comment_status":"closed","ping_status":"closed","template":"elementor_canvas","meta":{"_acf_changed":false,"site-sidebar-layout":null,"site-content-layout":null,"ast-site-content-layout":null,"site-content-style":null,"site-sidebar-style":null,"ast-global-header-display":"","ast-banner-title-visibility":"","ast-main-header-display":"","ast-hfb-above-header-display":"","ast-hfb-below-header-display":"","ast-hfb-mobile-header-display":"","site-post-title":null,"ast-breadcrumbs-content":"","ast-featured-img":null,"footer-sml-layout":"","ast-disable-related-posts":"","theme-transparent-header-meta":null,"adv-header-id-meta":null,"stick-header-meta":null,"header-above-stick-meta":"","header-main-stick-meta":"","header-below-stick-meta":"","astra-migrate-meta-layouts":null,"ast-page-background-enabled":"default","ast-page-background-meta":{"desktop":{"background-color":"","background-image":"","background-repeat":"repeat","background-position":"center center","background-size":"auto","background-attachment":"scroll","background-type":"","background-media":"","overlay-type":"","overlay-color":"","overlay-opacity":"","overlay-gradient":""},"tablet":{"background-color":"","background-image":"","background-repeat":"repeat","background-position":"center center","background-size":"auto","background-attachment":"scroll","background-type":"","background-media":"","overlay-type":"","overlay-color":"","overlay-opacity":"","overlay-gradient":""},"mobile":{"background-color":"","background-image":"","background-repeat":"repeat","background-position":"center center","background-size":"auto","background-attachment":"scroll","background-type":"","background-media":"","overlay-type":"","overlay-color":"","overlay-opacity":"","overlay-gradient":""}},"ast-content-background-meta":{"desktop":{"background-color":"var(--ast-global-color-5)","background-image":"","background-repeat":"repeat","background-position":"center center","background-size":"auto","background-attachment":"scroll","background-type":"","background-media":"","overlay-type":"","overlay-color":"","overlay-opacity":"","overlay-gradient":""},"tablet":{"background-color":"var(--ast-global-color-5)","background-image":"","background-repeat":"repeat","background-position":"center center","background-size":"auto","background-attachment":"scroll","background-type":"","background-media":"","overlay-type":"","overlay-color":"","overlay-opacity":"","overlay-gradient":""},"mobile":{"background-color":"var(--ast-global-color-5)","background-image":"","background-repeat":"repeat","background-position":"center center","background-size":"auto","background-attachment":"scroll","background-type":"","background-media":"","overlay-type":"","overlay-color":"","overlay-opacity":"","overlay-gradient":""}},"footnotes":null},"class_list":["post-6933","page","type-page","status-publish","hentry"],"acf":[],"yoast_head":"<!-- This site is optimized with the Yoast SEO plugin v27.0 - https:\/\/yoast.com\/product\/yoast-seo-wordpress\/ -->\n<title>Revue Voile Qu\u00e9bec - Voile Qu\u00e9bec<\/title>\n<meta name=\"robots\" content=\"index, follow, max-snippet:-1, max-image-preview:large, max-video-preview:-1\" \/>\n<link rel=\"canonical\" href=\"https:\/\/voile.qc.ca\/fr\/revue-voile-quebec\/\" \/>\n<meta property=\"og:locale\" content=\"fr_CA\" \/>\n<meta property=\"og:type\" content=\"article\" \/>\n<meta property=\"og:title\" content=\"Revue Voile Qu\u00e9bec - Voile Qu\u00e9bec\" \/>\n<meta property=\"og:description\" content=\"Nouvelles Trente et un Classe 40 au d\u00e9part de Qu\u00e9bec\u2013Saint-Malo, une bataille entre coureurs et architectes \u2022 9 juin 2024 Transat Qu\u00e9bec-Saint-Malo Captain Alternance, le Lift V2 de Keni Piperol. \u00a9Transat Jacques Vabre Le Clak 40 Dekuple, le premier plan de Class \u2026 LES \u00c9CHOS DES PONTONS \u2022 9 juin 2024 De Fort de France [&hellip;]\" \/>\n<meta property=\"og:url\" content=\"https:\/\/voile.qc.ca\/fr\/revue-voile-quebec\/\" \/>\n<meta property=\"og:site_name\" content=\"Voile Qu\u00e9bec\" \/>\n<meta property=\"article:publisher\" content=\"https:\/\/www.facebook.com\/voilequebec\" \/>\n<meta property=\"article:modified_time\" content=\"2024-06-09T21:37:51+00:00\" \/>\n<meta property=\"og:image\" content=\"https:\/\/voile.qc.ca\/wp-content\/uploads\/2023\/10\/DSC00759-scaled.jpg\" \/>\n<meta name=\"twitter:card\" content=\"summary_large_image\" \/>\n<meta name=\"twitter:label1\" content=\"Estimation du temps de lecture\" \/>\n\t<meta name=\"twitter:data1\" content=\"4 minutes\" \/>\n<script type=\"application\/ld+json\" class=\"yoast-schema-graph\">{\"@context\":\"https:\/\/schema.org\",\"@graph\":[{\"@type\":\"WebPage\",\"@id\":\"https:\/\/voile.qc.ca\/fr\/revue-voile-quebec\/\",\"url\":\"https:\/\/voile.qc.ca\/fr\/revue-voile-quebec\/\",\"name\":\"Revue Voile Qu\u00e9bec - Voile Qu\u00e9bec\",\"isPartOf\":{\"@id\":\"https:\/\/voile.qc.ca\/fr\/#website\"},\"primaryImageOfPage\":{\"@id\":\"https:\/\/voile.qc.ca\/fr\/revue-voile-quebec\/#primaryimage\"},\"image\":{\"@id\":\"https:\/\/voile.qc.ca\/fr\/revue-voile-quebec\/#primaryimage\"},\"thumbnailUrl\":\"https:\/\/voile.qc.ca\/wp-content\/uploads\/2023\/10\/DSC00759-scaled.jpg\",\"datePublished\":\"2024-06-09T21:36:17+00:00\",\"dateModified\":\"2024-06-09T21:37:51+00:00\",\"breadcrumb\":{\"@id\":\"https:\/\/voile.qc.ca\/fr\/revue-voile-quebec\/#breadcrumb\"},\"inLanguage\":\"fr-CA\",\"potentialAction\":[{\"@type\":\"ReadAction\",\"target\":[\"https:\/\/voile.qc.ca\/fr\/revue-voile-quebec\/\"]}]},{\"@type\":\"ImageObject\",\"inLanguage\":\"fr-CA\",\"@id\":\"https:\/\/voile.qc.ca\/fr\/revue-voile-quebec\/#primaryimage\",\"url\":\"https:\/\/voile.qc.ca\/wp-content\/uploads\/2023\/10\/DSC00759-scaled.jpg\",\"contentUrl\":\"https:\/\/voile.qc.ca\/wp-content\/uploads\/2023\/10\/DSC00759-scaled.jpg\"},{\"@type\":\"BreadcrumbList\",\"@id\":\"https:\/\/voile.qc.ca\/fr\/revue-voile-quebec\/#breadcrumb\",\"itemListElement\":[{\"@type\":\"ListItem\",\"position\":1,\"name\":\"Accueil\",\"item\":\"https:\/\/voile.qc.ca\/\"},{\"@type\":\"ListItem\",\"position\":2,\"name\":\"Revue Voile Qu\u00e9bec\"}]},{\"@type\":\"WebSite\",\"@id\":\"https:\/\/voile.qc.ca\/fr\/#website\",\"url\":\"https:\/\/voile.qc.ca\/fr\/\",\"name\":\"Voile Qu\u00e9bec\",\"description\":\"La r\u00e9f\u00e9rence de voile au Qu\u00e9bec\",\"publisher\":{\"@id\":\"https:\/\/voile.qc.ca\/fr\/#organization\"},\"potentialAction\":[{\"@type\":\"SearchAction\",\"target\":{\"@type\":\"EntryPoint\",\"urlTemplate\":\"https:\/\/voile.qc.ca\/fr\/?s={search_term_string}\"},\"query-input\":{\"@type\":\"PropertyValueSpecification\",\"valueRequired\":true,\"valueName\":\"search_term_string\"}}],\"inLanguage\":\"fr-CA\"},{\"@type\":\"Organization\",\"@id\":\"https:\/\/voile.qc.ca\/fr\/#organization\",\"name\":\"F\u00e9d\u00e9ration de Voile du Qu\u00e9bec\",\"url\":\"https:\/\/voile.qc.ca\/fr\/\",\"logo\":{\"@type\":\"ImageObject\",\"inLanguage\":\"fr-CA\",\"@id\":\"https:\/\/voile.qc.ca\/fr\/#\/schema\/logo\/image\/\",\"url\":\"https:\/\/voile.qc.ca\/wp-content\/uploads\/2023\/11\/cropped-bateau-bleu-V5.png\",\"contentUrl\":\"https:\/\/voile.qc.ca\/wp-content\/uploads\/2023\/11\/cropped-bateau-bleu-V5.png\",\"width\":500,\"height\":116,\"caption\":\"F\u00e9d\u00e9ration de Voile du Qu\u00e9bec\"},\"image\":{\"@id\":\"https:\/\/voile.qc.ca\/fr\/#\/schema\/logo\/image\/\"},\"sameAs\":[\"https:\/\/www.facebook.com\/voilequebec\",\"https:\/\/www.instagram.com\/voilequebec\"]}]}<\/script>\n<!-- \/ Yoast SEO plugin. -->","yoast_head_json":{"title":"Revue Voile Qu\u00e9bec - Voile Qu\u00e9bec","robots":{"index":"index","follow":"follow","max-snippet":"max-snippet:-1","max-image-preview":"max-image-preview:large","max-video-preview":"max-video-preview:-1"},"canonical":"https:\/\/voile.qc.ca\/fr\/revue-voile-quebec\/","og_locale":"fr_CA","og_type":"article","og_title":"Revue Voile Qu\u00e9bec - Voile Qu\u00e9bec","og_description":"Nouvelles Trente et un Classe 40 au d\u00e9part de Qu\u00e9bec\u2013Saint-Malo, une bataille entre coureurs et architectes \u2022 9 juin 2024 Transat Qu\u00e9bec-Saint-Malo Captain Alternance, le Lift V2 de Keni Piperol. \u00a9Transat Jacques Vabre Le Clak 40 Dekuple, le premier plan de Class \u2026 LES \u00c9CHOS DES PONTONS \u2022 9 juin 2024 De Fort de France [&hellip;]","og_url":"https:\/\/voile.qc.ca\/fr\/revue-voile-quebec\/","og_site_name":"Voile Qu\u00e9bec","article_publisher":"https:\/\/www.facebook.com\/voilequebec","article_modified_time":"2024-06-09T21:37:51+00:00","og_image":[{"url":"https:\/\/voile.qc.ca\/wp-content\/uploads\/2023\/10\/DSC00759-scaled.jpg","type":"","width":"","height":""}],"twitter_card":"summary_large_image","twitter_misc":{"Estimation du temps de lecture":"4 minutes"},"schema":{"@context":"https:\/\/schema.org","@graph":[{"@type":"WebPage","@id":"https:\/\/voile.qc.ca\/fr\/revue-voile-quebec\/","url":"https:\/\/voile.qc.ca\/fr\/revue-voile-quebec\/","name":"Revue Voile Qu\u00e9bec - Voile Qu\u00e9bec","isPartOf":{"@id":"https:\/\/voile.qc.ca\/fr\/#website"},"primaryImageOfPage":{"@id":"https:\/\/voile.qc.ca\/fr\/revue-voile-quebec\/#primaryimage"},"image":{"@id":"https:\/\/voile.qc.ca\/fr\/revue-voile-quebec\/#primaryimage"},"thumbnailUrl":"https:\/\/voile.qc.ca\/wp-content\/uploads\/2023\/10\/DSC00759-scaled.jpg","datePublished":"2024-06-09T21:36:17+00:00","dateModified":"2024-06-09T21:37:51+00:00","breadcrumb":{"@id":"https:\/\/voile.qc.ca\/fr\/revue-voile-quebec\/#breadcrumb"},"inLanguage":"fr-CA","potentialAction":[{"@type":"ReadAction","target":["https:\/\/voile.qc.ca\/fr\/revue-voile-quebec\/"]}]},{"@type":"ImageObject","inLanguage":"fr-CA","@id":"https:\/\/voile.qc.ca\/fr\/revue-voile-quebec\/#primaryimage","url":"https:\/\/voile.qc.ca\/wp-content\/uploads\/2023\/10\/DSC00759-scaled.jpg","contentUrl":"https:\/\/voile.qc.ca\/wp-content\/uploads\/2023\/10\/DSC00759-scaled.jpg"},{"@type":"BreadcrumbList","@id":"https:\/\/voile.qc.ca\/fr\/revue-voile-quebec\/#breadcrumb","itemListElement":[{"@type":"ListItem","position":1,"name":"Accueil","item":"https:\/\/voile.qc.ca\/"},{"@type":"ListItem","position":2,"name":"Revue Voile Qu\u00e9bec"}]},{"@type":"WebSite","@id":"https:\/\/voile.qc.ca\/fr\/#website","url":"https:\/\/voile.qc.ca\/fr\/","name":"Voile Qu\u00e9bec","description":"La r\u00e9f\u00e9rence de voile au Qu\u00e9bec","publisher":{"@id":"https:\/\/voile.qc.ca\/fr\/#organization"},"potentialAction":[{"@type":"SearchAction","target":{"@type":"EntryPoint","urlTemplate":"https:\/\/voile.qc.ca\/fr\/?s={search_term_string}"},"query-input":{"@type":"PropertyValueSpecification","valueRequired":true,"valueName":"search_term_string"}}],"inLanguage":"fr-CA"},{"@type":"Organization","@id":"https:\/\/voile.qc.ca\/fr\/#organization","name":"F\u00e9d\u00e9ration de Voile du Qu\u00e9bec","url":"https:\/\/voile.qc.ca\/fr\/","logo":{"@type":"ImageObject","inLanguage":"fr-CA","@id":"https:\/\/voile.qc.ca\/fr\/#\/schema\/logo\/image\/","url":"https:\/\/voile.qc.ca\/wp-content\/uploads\/2023\/11\/cropped-bateau-bleu-V5.png","contentUrl":"https:\/\/voile.qc.ca\/wp-content\/uploads\/2023\/11\/cropped-bateau-bleu-V5.png","width":500,"height":116,"caption":"F\u00e9d\u00e9ration de Voile du Qu\u00e9bec"},"image":{"@id":"https:\/\/voile.qc.ca\/fr\/#\/schema\/logo\/image\/"},"sameAs":["https:\/\/www.facebook.com\/voilequebec","https:\/\/www.instagram.com\/voilequebec"]}]}},"jetpack_sharing_enabled":true,"_links":{"self":[{"href":"https:\/\/voile.qc.ca\/fr\/wp-json\/wp\/v2\/pages\/6933","targetHints":{"allow":["GET"]}}],"collection":[{"href":"https:\/\/voile.qc.ca\/fr\/wp-json\/wp\/v2\/pages"}],"about":[{"href":"https:\/\/voile.qc.ca\/fr\/wp-json\/wp\/v2\/types\/page"}],"author":[{"embeddable":true,"href":"https:\/\/voile.qc.ca\/fr\/wp-json\/wp\/v2\/users\/7"}],"replies":[{"embeddable":true,"href":"https:\/\/voile.qc.ca\/fr\/wp-json\/wp\/v2\/comments?post=6933"}],"version-history":[{"count":3,"href":"https:\/\/voile.qc.ca\/fr\/wp-json\/wp\/v2\/pages\/6933\/revisions"}],"predecessor-version":[{"id":6947,"href":"https:\/\/voile.qc.ca\/fr\/wp-json\/wp\/v2\/pages\/6933\/revisions\/6947"}],"wp:attachment":[{"href":"https:\/\/voile.qc.ca\/fr\/wp-json\/wp\/v2\/media?parent=6933"}],"curies":[{"name":"wp","href":"https:\/\/api.w.org\/{rel}","templated":true}]}}