{"id":20635,"date":"2026-04-30T16:54:45","date_gmt":"2026-04-30T20:54:45","guid":{"rendered":"https:\/\/voile.qc.ca\/?page_id=20635"},"modified":"2026-04-30T18:38:39","modified_gmt":"2026-04-30T22:38:39","slug":"camp-voile-quebec","status":"publish","type":"page","link":"https:\/\/voile.qc.ca\/en\/camp-voile-quebec\/","title":{"rendered":"Camp d&rsquo;entrainement Voile Qu\u00e9bec"},"content":{"rendered":"<div data-elementor-type=\"wp-page\" data-elementor-id=\"20635\" class=\"elementor elementor-20635\">\n\t\t\t\t\t\t<section class=\"elementor-section elementor-top-section elementor-element elementor-element-23bbe57 elementor-section-boxed elementor-section-height-default elementor-section-height-default exad-glass-effect-no exad-sticky-section-no\" data-id=\"23bbe57\" data-element_type=\"section\" data-e-type=\"section\">\n\t\t\t\t\t\t<div class=\"elementor-container elementor-column-gap-default\">\n\t\t\t\t\t<div class=\"elementor-column elementor-col-100 elementor-top-column elementor-element elementor-element-fcde6f2 exad-glass-effect-no exad-sticky-section-no\" data-id=\"fcde6f2\" data-element_type=\"column\" data-e-type=\"column\">\n\t\t\t<div class=\"elementor-widget-wrap elementor-element-populated\">\n\t\t\t\t\t\t<div class=\"elementor-element elementor-element-9a2fb4c exad-sticky-section-no exad-glass-effect-no elementor-widget elementor-widget-text-editor\" data-id=\"9a2fb4c\" data-element_type=\"widget\" data-e-type=\"widget\" data-widget_type=\"text-editor.default\">\n\t\t\t\t<div class=\"elementor-widget-container\">\n\t\t\t\t\t\t\t\t\t<p>Voile Qu\u00e9bec est fier de vous pr\u00e9senter Le Camp Voile Qu\u00e9bec, ce sont 4 jours de\u00a0perfectionnement pour les athl\u00e8tes du Qu\u00e9bec en ILCA, 29er et Formula Kite, sur le th\u00e8me des d\u00e9parts.\u00a0<\/p>\n<p>Ce camp vise \u00e0 am\u00e9liorer et perfectionner vos techniques, tactiques et strat\u00e9gies pr\u00e9 et post d\u00e9part. Il y aura 6 s\u00e9ances sp\u00e9ciales dont 4 m\u00e9dico-sportive qui seront pr\u00e9sent\u00e9es par des sp\u00e9cialistes, qui auront pour but de vous informer et de vous donner des outils pour que vous fassiez des choix \u00e9clair\u00e9s.\u00a0<\/p>\t\t\t\t\t\t\t\t<\/div>\n\t\t\t\t<\/div>\n\t\t\t\t<section class=\"elementor-section elementor-inner-section elementor-element elementor-element-5d7b953 elementor-section-boxed elementor-section-height-default elementor-section-height-default exad-glass-effect-no exad-sticky-section-no\" data-id=\"5d7b953\" data-element_type=\"section\" data-e-type=\"section\">\n\t\t\t\t\t\t<div class=\"elementor-container elementor-column-gap-default\">\n\t\t\t\t\t<div class=\"elementor-column elementor-col-50 elementor-inner-column elementor-element elementor-element-2ab03b9 exad-glass-effect-no exad-sticky-section-no\" data-id=\"2ab03b9\" data-element_type=\"column\" data-e-type=\"column\">\n\t\t\t<div class=\"elementor-widget-wrap elementor-element-populated\">\n\t\t\t\t\t\t<div class=\"elementor-element elementor-element-c8c9861 exad-sticky-section-no exad-glass-effect-no elementor-widget elementor-widget-image\" data-id=\"c8c9861\" data-element_type=\"widget\" data-e-type=\"widget\" data-widget_type=\"image.default\">\n\t\t\t\t<div class=\"elementor-widget-container\">\n\t\t\t\t\t\t\t\t\t\t\t\t\t\t\t<img fetchpriority=\"high\" decoding=\"async\" width=\"768\" height=\"1024\" src=\"https:\/\/voile.qc.ca\/wp-content\/uploads\/2026\/04\/Camp-dentrainement-de-lequipe-du-Quebec-768x1024.png\" class=\"attachment-large size-large wp-image-20639\" alt=\"\" srcset=\"https:\/\/voile.qc.ca\/wp-content\/uploads\/2026\/04\/Camp-dentrainement-de-lequipe-du-Quebec-768x1024.png 768w, https:\/\/voile.qc.ca\/wp-content\/uploads\/2026\/04\/Camp-dentrainement-de-lequipe-du-Quebec-225x300.png 225w, https:\/\/voile.qc.ca\/wp-content\/uploads\/2026\/04\/Camp-dentrainement-de-lequipe-du-Quebec-1152x1536.png 1152w, https:\/\/voile.qc.ca\/wp-content\/uploads\/2026\/04\/Camp-dentrainement-de-lequipe-du-Quebec-1536x2048.png 1536w, https:\/\/voile.qc.ca\/wp-content\/uploads\/2026\/04\/Camp-dentrainement-de-lequipe-du-Quebec-9x12.png 9w, https:\/\/voile.qc.ca\/wp-content\/uploads\/2026\/04\/Camp-dentrainement-de-lequipe-du-Quebec-300x400.png 300w, https:\/\/voile.qc.ca\/wp-content\/uploads\/2026\/04\/Camp-dentrainement-de-lequipe-du-Quebec-600x800.png 600w, https:\/\/voile.qc.ca\/wp-content\/uploads\/2026\/04\/Camp-dentrainement-de-lequipe-du-Quebec.png 1728w\" sizes=\"(max-width: 768px) 100vw, 768px\" \/>\t\t\t\t\t\t\t\t\t\t\t\t\t\t\t<\/div>\n\t\t\t\t<\/div>\n\t\t\t\t\t<\/div>\n\t\t<\/div>\n\t\t\t\t<div class=\"elementor-column elementor-col-50 elementor-inner-column elementor-element elementor-element-3d04f1d exad-glass-effect-no exad-sticky-section-no\" data-id=\"3d04f1d\" data-element_type=\"column\" data-e-type=\"column\">\n\t\t\t<div class=\"elementor-widget-wrap elementor-element-populated\">\n\t\t\t\t\t\t<div class=\"elementor-element elementor-element-c378833 exad-sticky-section-no exad-glass-effect-no elementor-widget elementor-widget-text-editor\" data-id=\"c378833\" data-element_type=\"widget\" data-e-type=\"widget\" data-widget_type=\"text-editor.default\">\n\t\t\t\t<div class=\"elementor-widget-container\">\n\t\t\t\t\t\t\t\t\t<p>Th\u00e8me du camp : D\u00e9part et conduite<br \/>Dates et lieu: 21 au 24 mai 2026, au Royal St-Lawrence YC<br \/>Entraineur invit\u00e9 principal : <strong>Antoine Petit<\/strong>, entraineur de l&rsquo;\u00c9quipe de France espoir ILCA jusqu&rsquo;en 2025.<br \/>S\u00e9ances sp\u00e9ciales :<\/p><ul><li>Nutrition;<\/li><li>Pr\u00e9paration mentale;<\/li><li>Commotions c\u00e9r\u00e9brales;<\/li><li>Sensibilisation \u00e0 la protection solaire;<\/li><li>Cheminement jusqu&rsquo;\u00e0 l&rsquo;\u00c9quipe canadienne<\/li><li>Surprise<\/li><\/ul><p>Classes : ILCA, 29er, Formula Kite<br \/>Horaire :<\/p><ul><li>21 mai, 10h \u00e0 16h<\/li><li>22 mai, 9h \u00e0 16h<\/li><li>23 mai, 9h \u00e0 17h<\/li><li>24 mai, 9h \u00e0 17h<\/li><\/ul><p>Tarifs h\u00e2tifs avant le 13 mai 2026. Tarifs r\u00e9guliers \u00e0 partir du 13 mai 2026. Date limite d&rsquo;inscription le 18 mai 2026 \u00e0 7h.<\/p><p>Le dimanche 24 mai 2026, \u00e0 10h, il y aura un caf\u00e9 discussion pour les parents sur le th\u00e8me de la pr\u00e9paration mentale.\u00a0<\/p>\t\t\t\t\t\t\t\t<\/div>\n\t\t\t\t<\/div>\n\t\t\t\t\t<\/div>\n\t\t<\/div>\n\t\t\t\t\t<\/div>\n\t\t<\/section>\n\t\t\t\t<section class=\"elementor-section elementor-inner-section elementor-element elementor-element-a2fd40f elementor-section-boxed elementor-section-height-default elementor-section-height-default exad-glass-effect-no exad-sticky-section-no\" data-id=\"a2fd40f\" data-element_type=\"section\" data-e-type=\"section\">\n\t\t\t\t\t\t<div class=\"elementor-container elementor-column-gap-default\">\n\t\t\t\t\t<div class=\"elementor-column elementor-col-50 elementor-inner-column elementor-element elementor-element-8b0f73b exad-glass-effect-no exad-sticky-section-no\" data-id=\"8b0f73b\" data-element_type=\"column\" data-e-type=\"column\">\n\t\t\t<div class=\"elementor-widget-wrap elementor-element-populated\">\n\t\t\t\t\t\t<div class=\"elementor-element elementor-element-f76f6ef premium-pricing-features-center exad-sticky-section-no exad-glass-effect-no elementor-widget elementor-widget-premium-addon-pricing-table\" data-id=\"f76f6ef\" data-element_type=\"widget\" data-e-type=\"widget\" data-widget_type=\"premium-addon-pricing-table.default\">\n\t\t\t\t<div class=\"elementor-widget-container\">\n\t\t\t\t\t\r\n\t<div class=\"premium-pricing-table-container\">\r\n\t\t\t\t\t<div class=\"premium-pricing-badge-container premium-badge-right premium-badge-triangle\">\r\n\t\t\t\t<div class=\"corner\">\r\n\t\t\t\t\t<span >\r\n\t\t\t\t\t\t\t\t\t\t\t<\/span>\r\n\t\t\t\t<\/div>\r\n\t\t\t<\/div>\r\n\t\t\t\t\t\t<h3 class=\"premium-pricing-table-title\">\r\n\t\t\t\tTarifs h\u00e2tifs\t\t\t<\/h3>\r\n\t\t\t\t\t\t<div class=\"premium-pricing-price-container\">\r\n\t\t\t\r\n\t\t\t\r\n\t\t\t\r\n\t\t\t\t\t\t\t<span class=\"premium-pricing-price-currency\">En vigueur avant le 13 mai 2026<\/span>\r\n\t\t\t\t\t\t\r\n\t\t\t\r\n\t\t\t\r\n\t\t\t\t\t\t\t\t<\/div>\r\n\t\t\t\t\t\t<ul class=\"premium-pricing-list\">\r\n\t\t\t\t\t\t\t\t\t\t\t<li class=\"elementor-repeater-item-bbb5c67 premium-pricing-list-item premium-drawable-icon premium-svg-nodraw\">\r\n\t\t\t\t\t\t\t\t\t\t\t\t\t\t\t<i class=\"premium-pricing-feature-icon premium-svg-nodraw premium-drawable-icon fas fa-check\" aria-hidden=\"true\"><\/i>\t\t\t\t\t\t\t\r\n\t\t\t\t\t\t\t\t\t\t\t\t\t\t<span class=\"premium-pricing-list-span\">\r\n\t\t\t\t\t\t\t\tAthl\u00e8te membre de l'\u00c9quipe du Qu\u00e9bec : Gratuit\t\t\t\t\t\t\t<\/span>\r\n\t\t\t\t\t\t\t\t\t\t\t<\/li>\r\n\t\t\t\t\t\t\t\t\t\t\t<li class=\"elementor-repeater-item-4937a58 premium-pricing-list-item premium-drawable-icon premium-svg-nodraw\">\r\n\t\t\t\t\t\t\t\t\t\t\t\t\t\t\t<i class=\"premium-pricing-feature-icon premium-svg-nodraw premium-drawable-icon fas fa-check\" aria-hidden=\"true\"><\/i>\t\t\t\t\t\t\t\r\n\t\t\t\t\t\t\t\t\t\t\t\t\t\t<span class=\"premium-pricing-list-span\">\r\n\t\t\t\t\t\t\t\tAthl\u00e8te non-membre avec participation de son entraineur : 100$\t\t\t\t\t\t\t<\/span>\r\n\t\t\t\t\t\t\t\t\t\t\t<\/li>\r\n\t\t\t\t\t\t\t\t\t\t\t<li class=\"elementor-repeater-item-4f5f5d7 premium-pricing-list-item premium-drawable-icon premium-svg-nodraw\">\r\n\t\t\t\t\t\t\t\t\t\t\t\t\t\t\t<i class=\"premium-pricing-feature-icon premium-svg-nodraw premium-drawable-icon fas fa-check\" aria-hidden=\"true\"><\/i>\t\t\t\t\t\t\t\r\n\t\t\t\t\t\t\t\t\t\t\t\t\t\t<span class=\"premium-pricing-list-span\">\r\n\t\t\t\t\t\t\t\tAthl\u00e8te non-membre sans participation de son entraineur : 150$\t\t\t\t\t\t\t<\/span>\r\n\t\t\t\t\t\t\t\t\t\t\t<\/li>\r\n\t\t\t\t\t\t\t\t\t\t\t<li class=\"elementor-repeater-item-8aeea54 premium-pricing-list-item premium-drawable-icon premium-svg-nodraw\">\r\n\t\t\t\t\t\t\t\t\t\t\t\t\t\t\t<i class=\"premium-pricing-feature-icon premium-svg-nodraw premium-drawable-icon fas fa-check\" aria-hidden=\"true\"><\/i>\t\t\t\t\t\t\t\r\n\t\t\t\t\t\t\t\t\t\t\t\t\t\t<span class=\"premium-pricing-list-span\">\r\n\t\t\t\t\t\t\t\tCaf\u00e9 Discussion des parents : 10$\t\t\t\t\t\t\t<\/span>\r\n\t\t\t\t\t\t\t\t\t\t\t<\/li>\r\n\t\t\t\t\t\t\t\t\t\t\t<li class=\"elementor-repeater-item-48068b2 premium-pricing-list-item premium-drawable-icon premium-svg-nodraw\">\r\n\t\t\t\t\t\t\t\t\t\t\t\t\t\t\t<i class=\"premium-pricing-feature-icon premium-svg-nodraw premium-drawable-icon fas fa-check\" aria-hidden=\"true\"><\/i>\t\t\t\t\t\t\t\r\n\t\t\t\t\t\t\t\t\t\t\t\t\t\t<span class=\"premium-pricing-list-span\">\r\n\t\t\t\t\t\t\t\tInscription des entraineurs : Gratuit\t\t\t\t\t\t\t<\/span>\r\n\t\t\t\t\t\t\t\t\t\t\t<\/li>\r\n\t\t\t\t\t\t\t\t\t<\/ul>\r\n\t\t\t\t\t\t\t<\/div>\r\n\r\n\t\t\t\t\t\t<\/div>\n\t\t\t\t<\/div>\n\t\t\t\t\t<\/div>\n\t\t<\/div>\n\t\t\t\t<div class=\"elementor-column elementor-col-50 elementor-inner-column elementor-element elementor-element-2f68f31 exad-glass-effect-no exad-sticky-section-no\" data-id=\"2f68f31\" data-element_type=\"column\" data-e-type=\"column\">\n\t\t\t<div class=\"elementor-widget-wrap elementor-element-populated\">\n\t\t\t\t\t\t<div class=\"elementor-element elementor-element-3b93937 premium-pricing-features-center exad-sticky-section-no exad-glass-effect-no elementor-widget elementor-widget-premium-addon-pricing-table\" data-id=\"3b93937\" data-element_type=\"widget\" data-e-type=\"widget\" data-widget_type=\"premium-addon-pricing-table.default\">\n\t\t\t\t<div class=\"elementor-widget-container\">\n\t\t\t\t\t\r\n\t<div class=\"premium-pricing-table-container\">\r\n\t\t\t\t\t<div class=\"premium-pricing-badge-container premium-badge-right premium-badge-triangle\">\r\n\t\t\t\t<div class=\"corner\">\r\n\t\t\t\t\t<span >\r\n\t\t\t\t\t\t\t\t\t\t\t<\/span>\r\n\t\t\t\t<\/div>\r\n\t\t\t<\/div>\r\n\t\t\t\t\t\t<h3 class=\"premium-pricing-table-title\">\r\n\t\t\t\tTarifs r\u00e9guliers\t\t\t<\/h3>\r\n\t\t\t\t\t\t<div class=\"premium-pricing-price-container\">\r\n\t\t\t\r\n\t\t\t\r\n\t\t\t\r\n\t\t\t\t\t\t\t<span class=\"premium-pricing-price-currency\">En vigueur \u00e0 partir du 13 mai 2026, jusqu'au 18 mai 2026 \u00e0 7h00<\/span>\r\n\t\t\t\t\t\t\r\n\t\t\t\r\n\t\t\t\r\n\t\t\t\t\t\t\t\t<\/div>\r\n\t\t\t\t\t\t<ul class=\"premium-pricing-list\">\r\n\t\t\t\t\t\t\t\t\t\t\t<li class=\"elementor-repeater-item-bbb5c67 premium-pricing-list-item premium-drawable-icon premium-svg-nodraw\">\r\n\t\t\t\t\t\t\t\t\t\t\t\t\t\t\t<i class=\"premium-pricing-feature-icon premium-svg-nodraw premium-drawable-icon fas fa-check\" aria-hidden=\"true\"><\/i>\t\t\t\t\t\t\t\r\n\t\t\t\t\t\t\t\t\t\t\t\t\t\t<span class=\"premium-pricing-list-span\">\r\n\t\t\t\t\t\t\t\tAthl\u00e8te membre de l'\u00c9quipe du Qu\u00e9bec : Gratuit\t\t\t\t\t\t\t<\/span>\r\n\t\t\t\t\t\t\t\t\t\t\t<\/li>\r\n\t\t\t\t\t\t\t\t\t\t\t<li class=\"elementor-repeater-item-4937a58 premium-pricing-list-item premium-drawable-icon premium-svg-nodraw\">\r\n\t\t\t\t\t\t\t\t\t\t\t\t\t\t\t<i class=\"premium-pricing-feature-icon premium-svg-nodraw premium-drawable-icon fas fa-check\" aria-hidden=\"true\"><\/i>\t\t\t\t\t\t\t\r\n\t\t\t\t\t\t\t\t\t\t\t\t\t\t<span class=\"premium-pricing-list-span\">\r\n\t\t\t\t\t\t\t\tAthl\u00e8te non-membre avec participation de son entraineur : 150$\t\t\t\t\t\t\t<\/span>\r\n\t\t\t\t\t\t\t\t\t\t\t<\/li>\r\n\t\t\t\t\t\t\t\t\t\t\t<li class=\"elementor-repeater-item-4f5f5d7 premium-pricing-list-item premium-drawable-icon premium-svg-nodraw\">\r\n\t\t\t\t\t\t\t\t\t\t\t\t\t\t\t<i class=\"premium-pricing-feature-icon premium-svg-nodraw premium-drawable-icon fas fa-check\" aria-hidden=\"true\"><\/i>\t\t\t\t\t\t\t\r\n\t\t\t\t\t\t\t\t\t\t\t\t\t\t<span class=\"premium-pricing-list-span\">\r\n\t\t\t\t\t\t\t\tAthl\u00e8te non-membre sans participation de son entraineur : 225$\t\t\t\t\t\t\t<\/span>\r\n\t\t\t\t\t\t\t\t\t\t\t<\/li>\r\n\t\t\t\t\t\t\t\t\t\t\t<li class=\"elementor-repeater-item-8aeea54 premium-pricing-list-item premium-drawable-icon premium-svg-nodraw\">\r\n\t\t\t\t\t\t\t\t\t\t\t\t\t\t\t<i class=\"premium-pricing-feature-icon premium-svg-nodraw premium-drawable-icon fas fa-check\" aria-hidden=\"true\"><\/i>\t\t\t\t\t\t\t\r\n\t\t\t\t\t\t\t\t\t\t\t\t\t\t<span class=\"premium-pricing-list-span\">\r\n\t\t\t\t\t\t\t\tCaf\u00e9 Discussion des parents : 15$\t\t\t\t\t\t\t<\/span>\r\n\t\t\t\t\t\t\t\t\t\t\t<\/li>\r\n\t\t\t\t\t\t\t\t\t\t\t<li class=\"elementor-repeater-item-48068b2 premium-pricing-list-item premium-drawable-icon premium-svg-nodraw\">\r\n\t\t\t\t\t\t\t\t\t\t\t\t\t\t\t<i class=\"premium-pricing-feature-icon premium-svg-nodraw premium-drawable-icon fas fa-check\" aria-hidden=\"true\"><\/i>\t\t\t\t\t\t\t\r\n\t\t\t\t\t\t\t\t\t\t\t\t\t\t<span class=\"premium-pricing-list-span\">\r\n\t\t\t\t\t\t\t\tInscription des entraineurs : Gratuit\t\t\t\t\t\t\t<\/span>\r\n\t\t\t\t\t\t\t\t\t\t\t<\/li>\r\n\t\t\t\t\t\t\t\t\t<\/ul>\r\n\t\t\t\t\t\t\t<\/div>\r\n\r\n\t\t\t\t\t\t<\/div>\n\t\t\t\t<\/div>\n\t\t\t\t\t<\/div>\n\t\t<\/div>\n\t\t\t\t\t<\/div>\n\t\t<\/section>\n\t\t\t\t<div class=\"elementor-element elementor-element-1626eb9 exad-sticky-section-no exad-glass-effect-no elementor-widget elementor-widget-button\" data-id=\"1626eb9\" data-element_type=\"widget\" data-e-type=\"widget\" data-widget_type=\"button.default\">\n\t\t\t\t<div class=\"elementor-widget-container\">\n\t\t\t\t\t\t\t\t\t<div class=\"elementor-button-wrapper\">\n\t\t\t\t\t<a class=\"elementor-button elementor-button-link elementor-size-sm\" href=\"https:\/\/voile.qc.ca\/en\/civicrm\/event\/info\/?reset=1&#038;id=195\">\n\t\t\t\t\t\t<span class=\"elementor-button-content-wrapper\">\n\t\t\t\t\t\t\t\t\t<span class=\"elementor-button-text\">Inscription des athl\u00e8tes<\/span>\n\t\t\t\t\t<\/span>\n\t\t\t\t\t<\/a>\n\t\t\t\t<\/div>\n\t\t\t\t\t\t\t\t<\/div>\n\t\t\t\t<\/div>\n\t\t\t\t<div class=\"elementor-element elementor-element-718bfaf exad-sticky-section-no exad-glass-effect-no elementor-widget elementor-widget-button\" data-id=\"718bfaf\" data-element_type=\"widget\" data-e-type=\"widget\" data-widget_type=\"button.default\">\n\t\t\t\t<div class=\"elementor-widget-container\">\n\t\t\t\t\t\t\t\t\t<div class=\"elementor-button-wrapper\">\n\t\t\t\t\t<a class=\"elementor-button elementor-button-link elementor-size-sm\" href=\"https:\/\/voile.qc.ca\/en\/civicrm\/event\/info\/?reset=1&#038;id=196\">\n\t\t\t\t\t\t<span class=\"elementor-button-content-wrapper\">\n\t\t\t\t\t\t\t\t\t<span class=\"elementor-button-text\">Inscription des entraineurs<\/span>\n\t\t\t\t\t<\/span>\n\t\t\t\t\t<\/a>\n\t\t\t\t<\/div>\n\t\t\t\t\t\t\t\t<\/div>\n\t\t\t\t<\/div>\n\t\t\t\t\t<\/div>\n\t\t<\/div>\n\t\t\t\t\t<\/div>\n\t\t<\/section>\n\t\t\t\t<\/div>","protected":false},"excerpt":{"rendered":"<p>Voile Qu\u00e9bec est fier de vous pr\u00e9senter Le Camp Voile Qu\u00e9bec, ce sont 4 jours de\u00a0perfectionnement pour les athl\u00e8tes du Qu\u00e9bec en ILCA, 29er et Formula Kite, sur le th\u00e8me des d\u00e9parts.\u00a0 Ce camp vise \u00e0 am\u00e9liorer et perfectionner vos techniques, tactiques et strat\u00e9gies pr\u00e9 et post d\u00e9part. Il y aura 6 s\u00e9ances sp\u00e9ciales dont [&hellip;]<\/p>\n","protected":false},"author":11,"featured_media":0,"parent":0,"menu_order":0,"comment_status":"closed","ping_status":"closed","template":"","meta":{"_acf_changed":false,"site-sidebar-layout":"default","site-content-layout":"","ast-site-content-layout":"default","site-content-style":"default","site-sidebar-style":"default","ast-global-header-display":"","ast-banner-title-visibility":"","ast-main-header-display":"","ast-hfb-above-header-display":"","ast-hfb-below-header-display":"","ast-hfb-mobile-header-display":"","site-post-title":"","ast-breadcrumbs-content":"","ast-featured-img":"","footer-sml-layout":"","ast-disable-related-posts":"","theme-transparent-header-meta":"","adv-header-id-meta":"","stick-header-meta":"","header-above-stick-meta":"","header-main-stick-meta":"","header-below-stick-meta":"","astra-migrate-meta-layouts":"set","ast-page-background-enabled":"default","ast-page-background-meta":{"desktop":{"background-color":"","background-image":"","background-repeat":"repeat","background-position":"center center","background-size":"auto","background-attachment":"scroll","background-type":"","background-media":"","overlay-type":"","overlay-color":"","overlay-opacity":"","overlay-gradient":""},"tablet":{"background-color":"","background-image":"","background-repeat":"repeat","background-position":"center center","background-size":"auto","background-attachment":"scroll","background-type":"","background-media":"","overlay-type":"","overlay-color":"","overlay-opacity":"","overlay-gradient":""},"mobile":{"background-color":"","background-image":"","background-repeat":"repeat","background-position":"center center","background-size":"auto","background-attachment":"scroll","background-type":"","background-media":"","overlay-type":"","overlay-color":"","overlay-opacity":"","overlay-gradient":""}},"ast-content-background-meta":{"desktop":{"background-color":"var(--ast-global-color-5)","background-image":"","background-repeat":"repeat","background-position":"center center","background-size":"auto","background-attachment":"scroll","background-type":"","background-media":"","overlay-type":"","overlay-color":"","overlay-opacity":"","overlay-gradient":""},"tablet":{"background-color":"var(--ast-global-color-5)","background-image":"","background-repeat":"repeat","background-position":"center center","background-size":"auto","background-attachment":"scroll","background-type":"","background-media":"","overlay-type":"","overlay-color":"","overlay-opacity":"","overlay-gradient":""},"mobile":{"background-color":"var(--ast-global-color-5)","background-image":"","background-repeat":"repeat","background-position":"center center","background-size":"auto","background-attachment":"scroll","background-type":"","background-media":"","overlay-type":"","overlay-color":"","overlay-opacity":"","overlay-gradient":""}},"footnotes":""},"class_list":["post-20635","page","type-page","status-publish","hentry"],"acf":[],"yoast_head":"<!-- This site is optimized with the Yoast SEO plugin v27.0 - https:\/\/yoast.com\/product\/yoast-seo-wordpress\/ -->\n<title>Camp d&#039;entrainement Voile Qu\u00e9bec - Voile Qu\u00e9bec<\/title>\n<meta name=\"robots\" content=\"index, follow, max-snippet:-1, max-image-preview:large, max-video-preview:-1\" \/>\n<link rel=\"canonical\" href=\"https:\/\/voile.qc.ca\/en\/camp-voile-quebec\/\" \/>\n<meta property=\"og:locale\" content=\"en_US\" \/>\n<meta property=\"og:type\" content=\"article\" \/>\n<meta property=\"og:title\" content=\"Camp d&#039;entrainement Voile Qu\u00e9bec - Voile Qu\u00e9bec\" \/>\n<meta property=\"og:description\" content=\"Voile Qu\u00e9bec est fier de vous pr\u00e9senter Le Camp Voile Qu\u00e9bec, ce sont 4 jours de\u00a0perfectionnement pour les athl\u00e8tes du Qu\u00e9bec en ILCA, 29er et Formula Kite, sur le th\u00e8me des d\u00e9parts.\u00a0 Ce camp vise \u00e0 am\u00e9liorer et perfectionner vos techniques, tactiques et strat\u00e9gies pr\u00e9 et post d\u00e9part. Il y aura 6 s\u00e9ances sp\u00e9ciales dont [&hellip;]\" \/>\n<meta property=\"og:url\" content=\"https:\/\/voile.qc.ca\/en\/camp-voile-quebec\/\" \/>\n<meta property=\"og:site_name\" content=\"Voile Qu\u00e9bec\" \/>\n<meta property=\"article:publisher\" content=\"https:\/\/www.facebook.com\/voilequebec\" \/>\n<meta property=\"article:modified_time\" content=\"2026-04-30T22:38:39+00:00\" \/>\n<meta property=\"og:image\" content=\"https:\/\/voile.qc.ca\/wp-content\/uploads\/2026\/04\/Camp-dentrainement-de-lequipe-du-Quebec-768x1024.png\" \/>\n\t<meta property=\"og:image:width\" content=\"768\" \/>\n\t<meta property=\"og:image:height\" content=\"1024\" \/>\n\t<meta property=\"og:image:type\" content=\"image\/png\" \/>\n<meta name=\"twitter:card\" content=\"summary_large_image\" \/>\n<meta name=\"twitter:label1\" content=\"Est. reading time\" \/>\n\t<meta name=\"twitter:data1\" content=\"2 minutes\" \/>\n<script type=\"application\/ld+json\" class=\"yoast-schema-graph\">{\"@context\":\"https:\/\/schema.org\",\"@graph\":[{\"@type\":\"WebPage\",\"@id\":\"https:\/\/voile.qc.ca\/camp-voile-quebec\/\",\"url\":\"https:\/\/voile.qc.ca\/camp-voile-quebec\/\",\"name\":\"Camp d'entrainement Voile Qu\u00e9bec - Voile Qu\u00e9bec\",\"isPartOf\":{\"@id\":\"https:\/\/voile.qc.ca\/fr\/#website\"},\"primaryImageOfPage\":{\"@id\":\"https:\/\/voile.qc.ca\/camp-voile-quebec\/#primaryimage\"},\"image\":{\"@id\":\"https:\/\/voile.qc.ca\/camp-voile-quebec\/#primaryimage\"},\"thumbnailUrl\":\"https:\/\/voile.qc.ca\/wp-content\/uploads\/2026\/04\/Camp-dentrainement-de-lequipe-du-Quebec-768x1024.png\",\"datePublished\":\"2026-04-30T20:54:45+00:00\",\"dateModified\":\"2026-04-30T22:38:39+00:00\",\"breadcrumb\":{\"@id\":\"https:\/\/voile.qc.ca\/camp-voile-quebec\/#breadcrumb\"},\"inLanguage\":\"en-CA\",\"potentialAction\":[{\"@type\":\"ReadAction\",\"target\":[\"https:\/\/voile.qc.ca\/camp-voile-quebec\/\"]}]},{\"@type\":\"ImageObject\",\"inLanguage\":\"en-CA\",\"@id\":\"https:\/\/voile.qc.ca\/camp-voile-quebec\/#primaryimage\",\"url\":\"https:\/\/voile.qc.ca\/wp-content\/uploads\/2026\/04\/Camp-dentrainement-de-lequipe-du-Quebec-768x1024.png\",\"contentUrl\":\"https:\/\/voile.qc.ca\/wp-content\/uploads\/2026\/04\/Camp-dentrainement-de-lequipe-du-Quebec-768x1024.png\"},{\"@type\":\"BreadcrumbList\",\"@id\":\"https:\/\/voile.qc.ca\/camp-voile-quebec\/#breadcrumb\",\"itemListElement\":[{\"@type\":\"ListItem\",\"position\":1,\"name\":\"Accueil\",\"item\":\"https:\/\/voile.qc.ca\/\"},{\"@type\":\"ListItem\",\"position\":2,\"name\":\"Camp d&rsquo;entrainement Voile Qu\u00e9bec\"}]},{\"@type\":\"WebSite\",\"@id\":\"https:\/\/voile.qc.ca\/fr\/#website\",\"url\":\"https:\/\/voile.qc.ca\/fr\/\",\"name\":\"Voile Qu\u00e9bec\",\"description\":\"La r\u00e9f\u00e9rence de voile au Qu\u00e9bec\",\"publisher\":{\"@id\":\"https:\/\/voile.qc.ca\/fr\/#organization\"},\"potentialAction\":[{\"@type\":\"SearchAction\",\"target\":{\"@type\":\"EntryPoint\",\"urlTemplate\":\"https:\/\/voile.qc.ca\/fr\/?s={search_term_string}\"},\"query-input\":{\"@type\":\"PropertyValueSpecification\",\"valueRequired\":true,\"valueName\":\"search_term_string\"}}],\"inLanguage\":\"en-CA\"},{\"@type\":\"Organization\",\"@id\":\"https:\/\/voile.qc.ca\/fr\/#organization\",\"name\":\"F\u00e9d\u00e9ration de Voile du Qu\u00e9bec\",\"url\":\"https:\/\/voile.qc.ca\/fr\/\",\"logo\":{\"@type\":\"ImageObject\",\"inLanguage\":\"en-CA\",\"@id\":\"https:\/\/voile.qc.ca\/fr\/#\/schema\/logo\/image\/\",\"url\":\"https:\/\/voile.qc.ca\/wp-content\/uploads\/2023\/11\/cropped-bateau-bleu-V5.png\",\"contentUrl\":\"https:\/\/voile.qc.ca\/wp-content\/uploads\/2023\/11\/cropped-bateau-bleu-V5.png\",\"width\":500,\"height\":116,\"caption\":\"F\u00e9d\u00e9ration de Voile du Qu\u00e9bec\"},\"image\":{\"@id\":\"https:\/\/voile.qc.ca\/fr\/#\/schema\/logo\/image\/\"},\"sameAs\":[\"https:\/\/www.facebook.com\/voilequebec\",\"https:\/\/www.instagram.com\/voilequebec\"]}]}<\/script>\n<!-- \/ Yoast SEO plugin. -->","yoast_head_json":{"title":"Camp d'entrainement Voile Qu\u00e9bec - Voile Qu\u00e9bec","robots":{"index":"index","follow":"follow","max-snippet":"max-snippet:-1","max-image-preview":"max-image-preview:large","max-video-preview":"max-video-preview:-1"},"canonical":"https:\/\/voile.qc.ca\/en\/camp-voile-quebec\/","og_locale":"en_US","og_type":"article","og_title":"Camp d'entrainement Voile Qu\u00e9bec - Voile Qu\u00e9bec","og_description":"Voile Qu\u00e9bec est fier de vous pr\u00e9senter Le Camp Voile Qu\u00e9bec, ce sont 4 jours de\u00a0perfectionnement pour les athl\u00e8tes du Qu\u00e9bec en ILCA, 29er et Formula Kite, sur le th\u00e8me des d\u00e9parts.\u00a0 Ce camp vise \u00e0 am\u00e9liorer et perfectionner vos techniques, tactiques et strat\u00e9gies pr\u00e9 et post d\u00e9part. Il y aura 6 s\u00e9ances sp\u00e9ciales dont [&hellip;]","og_url":"https:\/\/voile.qc.ca\/en\/camp-voile-quebec\/","og_site_name":"Voile Qu\u00e9bec","article_publisher":"https:\/\/www.facebook.com\/voilequebec","article_modified_time":"2026-04-30T22:38:39+00:00","og_image":[{"width":768,"height":1024,"url":"https:\/\/voile.qc.ca\/wp-content\/uploads\/2026\/04\/Camp-dentrainement-de-lequipe-du-Quebec-768x1024.png","type":"image\/png"}],"twitter_card":"summary_large_image","twitter_misc":{"Est. reading time":"2 minutes"},"schema":{"@context":"https:\/\/schema.org","@graph":[{"@type":"WebPage","@id":"https:\/\/voile.qc.ca\/camp-voile-quebec\/","url":"https:\/\/voile.qc.ca\/camp-voile-quebec\/","name":"Camp d'entrainement Voile Qu\u00e9bec - Voile Qu\u00e9bec","isPartOf":{"@id":"https:\/\/voile.qc.ca\/fr\/#website"},"primaryImageOfPage":{"@id":"https:\/\/voile.qc.ca\/camp-voile-quebec\/#primaryimage"},"image":{"@id":"https:\/\/voile.qc.ca\/camp-voile-quebec\/#primaryimage"},"thumbnailUrl":"https:\/\/voile.qc.ca\/wp-content\/uploads\/2026\/04\/Camp-dentrainement-de-lequipe-du-Quebec-768x1024.png","datePublished":"2026-04-30T20:54:45+00:00","dateModified":"2026-04-30T22:38:39+00:00","breadcrumb":{"@id":"https:\/\/voile.qc.ca\/camp-voile-quebec\/#breadcrumb"},"inLanguage":"en-CA","potentialAction":[{"@type":"ReadAction","target":["https:\/\/voile.qc.ca\/camp-voile-quebec\/"]}]},{"@type":"ImageObject","inLanguage":"en-CA","@id":"https:\/\/voile.qc.ca\/camp-voile-quebec\/#primaryimage","url":"https:\/\/voile.qc.ca\/wp-content\/uploads\/2026\/04\/Camp-dentrainement-de-lequipe-du-Quebec-768x1024.png","contentUrl":"https:\/\/voile.qc.ca\/wp-content\/uploads\/2026\/04\/Camp-dentrainement-de-lequipe-du-Quebec-768x1024.png"},{"@type":"BreadcrumbList","@id":"https:\/\/voile.qc.ca\/camp-voile-quebec\/#breadcrumb","itemListElement":[{"@type":"ListItem","position":1,"name":"Accueil","item":"https:\/\/voile.qc.ca\/"},{"@type":"ListItem","position":2,"name":"Camp d&rsquo;entrainement Voile Qu\u00e9bec"}]},{"@type":"WebSite","@id":"https:\/\/voile.qc.ca\/fr\/#website","url":"https:\/\/voile.qc.ca\/fr\/","name":"Voile Qu\u00e9bec","description":"La r\u00e9f\u00e9rence de voile au Qu\u00e9bec","publisher":{"@id":"https:\/\/voile.qc.ca\/fr\/#organization"},"potentialAction":[{"@type":"SearchAction","target":{"@type":"EntryPoint","urlTemplate":"https:\/\/voile.qc.ca\/fr\/?s={search_term_string}"},"query-input":{"@type":"PropertyValueSpecification","valueRequired":true,"valueName":"search_term_string"}}],"inLanguage":"en-CA"},{"@type":"Organization","@id":"https:\/\/voile.qc.ca\/fr\/#organization","name":"F\u00e9d\u00e9ration de Voile du Qu\u00e9bec","url":"https:\/\/voile.qc.ca\/fr\/","logo":{"@type":"ImageObject","inLanguage":"en-CA","@id":"https:\/\/voile.qc.ca\/fr\/#\/schema\/logo\/image\/","url":"https:\/\/voile.qc.ca\/wp-content\/uploads\/2023\/11\/cropped-bateau-bleu-V5.png","contentUrl":"https:\/\/voile.qc.ca\/wp-content\/uploads\/2023\/11\/cropped-bateau-bleu-V5.png","width":500,"height":116,"caption":"F\u00e9d\u00e9ration de Voile du Qu\u00e9bec"},"image":{"@id":"https:\/\/voile.qc.ca\/fr\/#\/schema\/logo\/image\/"},"sameAs":["https:\/\/www.facebook.com\/voilequebec","https:\/\/www.instagram.com\/voilequebec"]}]}},"jetpack_sharing_enabled":true,"_links":{"self":[{"href":"https:\/\/voile.qc.ca\/en\/wp-json\/wp\/v2\/pages\/20635","targetHints":{"allow":["GET"]}}],"collection":[{"href":"https:\/\/voile.qc.ca\/en\/wp-json\/wp\/v2\/pages"}],"about":[{"href":"https:\/\/voile.qc.ca\/en\/wp-json\/wp\/v2\/types\/page"}],"author":[{"embeddable":true,"href":"https:\/\/voile.qc.ca\/en\/wp-json\/wp\/v2\/users\/11"}],"replies":[{"embeddable":true,"href":"https:\/\/voile.qc.ca\/en\/wp-json\/wp\/v2\/comments?post=20635"}],"version-history":[{"count":32,"href":"https:\/\/voile.qc.ca\/en\/wp-json\/wp\/v2\/pages\/20635\/revisions"}],"predecessor-version":[{"id":20686,"href":"https:\/\/voile.qc.ca\/en\/wp-json\/wp\/v2\/pages\/20635\/revisions\/20686"}],"wp:attachment":[{"href":"https:\/\/voile.qc.ca\/en\/wp-json\/wp\/v2\/media?parent=20635"}],"curies":[{"name":"wp","href":"https:\/\/api.w.org\/{rel}","templated":true}]}}